{"id":11489,"date":"2020-03-19T05:08:15","date_gmt":"2020-03-19T05:08:15","guid":{"rendered":"https:\/\/www.fundaciomascort.com\/publicacio\/jose-maria-mascort-2\/"},"modified":"2024-04-29T00:01:03","modified_gmt":"2024-04-29T00:01:03","slug":"jose-maria-mascort-2","status":"publish","type":"product","link":"https:\/\/www.fundaciomascort.com\/fr\/publication\/jose-maria-mascort-2\/","title":{"rendered":"Jos\u00e9 Mar\u00eda Mascort"},"content":{"rendered":"<p>Le livre <em>Jos\u00e9 Mar\u00eda Mascort. La for\u00e7a del paisatge<\/em>, publi\u00e9 par la Fundaci\u00f3 Privada Mascort et \u00e9crit par Rosa M. Creixell, doctoresse et professeur d\u2019Histoire de l\u2019Art \u00e0 l\u2019Universit\u00e9 de Barcelone, est la premi\u00e8re \u00e9tude sur la vie et l\u2019\u0153uvre de Jos\u00e9 Mar\u00eda Mascort Galibern, peintre de Torroella de Montgr\u00ed. L\u2019\u0153uvre aborde davantage la biographie personnelle du peintre, l\u2019\u00e9tude et l\u2019analyse de sa prolifique \u0153uvre picturale \u2013 o\u00f9 pr\u00e9dominent les paysages du Montgr\u00ed \u2013 et les relations avec des artistes de son \u00e9poque tels que Joaquim Mir. L\u2019\u00e9tude est compl\u00e9t\u00e9e par le catalogage de 676 \u0153uvres conserv\u00e9es dans des collections priv\u00e9es, la propre Fundaci\u00f3 Mascort et quelques institutions publiques.<\/p>\n","protected":false},"excerpt":{"rendered":"<p>Le livre Jos\u00e9 Mar\u00eda Mascort. La for\u00e7a del paisatge, publi\u00e9 par la Fundaci\u00f3 Privada Mascort et \u00e9crit par Rosa M. Creixell, doctoresse et professeur d\u2019Histoire de l\u2019Art \u00e0 l\u2019Universit\u00e9 de Barcelone, est la premi\u00e8re \u00e9tude sur la vie et l\u2019\u0153uvre de Jos\u00e9 Mar\u00eda Mascort Galibern, peintre de Torroella de Montgr\u00ed. L\u2019\u0153uvre aborde davantage la biographie [&hellip;]<\/p>\n","protected":false},"featured_media":9606,"template":"","meta":{"_acf_changed":false},"product_brand":[],"product_cat":[41],"product_tag":[],"class_list":{"0":"post-11489","1":"product","2":"type-product","3":"status-publish","4":"has-post-thumbnail","6":"product_cat-sense-categoria-fr","8":"first","9":"instock","10":"taxable","11":"shipping-taxable","12":"purchasable","13":"product-type-simple"},"acf":[],"yoast_head":"<!-- This site is optimized with the Yoast SEO plugin v25.6 - https:\/\/yoast.com\/wordpress\/plugins\/seo\/ -->\n<title>Jos\u00e9 Mar\u00eda Mascort - Fundaci\u00f3 Mascort<\/title>\n<meta name=\"robots\" content=\"index, follow, max-snippet:-1, max-image-preview:large, max-video-preview:-1\" \/>\n<link rel=\"canonical\" href=\"https:\/\/www.fundaciomascort.com\/fr\/publication\/jose-maria-mascort-2\/\" \/>\n<meta property=\"og:locale\" content=\"fr_FR\" \/>\n<meta property=\"og:type\" content=\"article\" \/>\n<meta property=\"og:title\" content=\"Jos\u00e9 Mar\u00eda Mascort - Fundaci\u00f3 Mascort\" \/>\n<meta property=\"og:description\" content=\"Le livre Jos\u00e9 Mar\u00eda Mascort. La for\u00e7a del paisatge, publi\u00e9 par la Fundaci\u00f3 Privada Mascort et \u00e9crit par Rosa M. Creixell, doctoresse et professeur d\u2019Histoire de l\u2019Art \u00e0 l\u2019Universit\u00e9 de Barcelone, est la premi\u00e8re \u00e9tude sur la vie et l\u2019\u0153uvre de Jos\u00e9 Mar\u00eda Mascort Galibern, peintre de Torroella de Montgr\u00ed. L\u2019\u0153uvre aborde davantage la biographie [&hellip;]\" \/>\n<meta property=\"og:url\" content=\"https:\/\/www.fundaciomascort.com\/fr\/publication\/jose-maria-mascort-2\/\" \/>\n<meta property=\"og:site_name\" content=\"Fundaci\u00f3 Mascort\" \/>\n<meta property=\"article:publisher\" content=\"https:\/\/www.facebook.com\/fundaciomascort\" \/>\n<meta property=\"article:modified_time\" content=\"2024-04-29T00:01:03+00:00\" \/>\n<meta property=\"og:image\" content=\"https:\/\/www.fundaciomascort.com\/wp-content\/uploads\/2020\/03\/Coberta-Jose-M-Mascort-forca-paisatge.jpg\" \/>\n\t<meta property=\"og:image:width\" content=\"595\" \/>\n\t<meta property=\"og:image:height\" content=\"709\" \/>\n\t<meta property=\"og:image:type\" content=\"image\/jpeg\" \/>\n<meta name=\"twitter:card\" content=\"summary_large_image\" \/>\n<meta name=\"twitter:site\" content=\"@fundaciomascort\" \/>\n<meta name=\"twitter:label1\" content=\"Dur\u00e9e de lecture estim\u00e9e\" \/>\n\t<meta name=\"twitter:data1\" content=\"1 minute\" \/>\n<script type=\"application\/ld+json\" class=\"yoast-schema-graph\">{\"@context\":\"https:\/\/schema.org\",\"@graph\":[{\"@type\":\"WebPage\",\"@id\":\"https:\/\/www.fundaciomascort.com\/fr\/publication\/jose-maria-mascort-2\/\",\"url\":\"https:\/\/www.fundaciomascort.com\/fr\/publication\/jose-maria-mascort-2\/\",\"name\":\"Jos\u00e9 Mar\u00eda Mascort - Fundaci\u00f3 Mascort\",\"isPartOf\":{\"@id\":\"https:\/\/www.fundaciomascort.com\/fr\/#website\"},\"primaryImageOfPage\":{\"@id\":\"https:\/\/www.fundaciomascort.com\/fr\/publication\/jose-maria-mascort-2\/#primaryimage\"},\"image\":{\"@id\":\"https:\/\/www.fundaciomascort.com\/fr\/publication\/jose-maria-mascort-2\/#primaryimage\"},\"thumbnailUrl\":\"https:\/\/www.fundaciomascort.com\/wp-content\/uploads\/2020\/03\/Coberta-Jose-M-Mascort-forca-paisatge.jpg\",\"datePublished\":\"2020-03-19T05:08:15+00:00\",\"dateModified\":\"2024-04-29T00:01:03+00:00\",\"breadcrumb\":{\"@id\":\"https:\/\/www.fundaciomascort.com\/fr\/publication\/jose-maria-mascort-2\/#breadcrumb\"},\"inLanguage\":\"fr-FR\",\"potentialAction\":[{\"@type\":\"ReadAction\",\"target\":[\"https:\/\/www.fundaciomascort.com\/fr\/publication\/jose-maria-mascort-2\/\"]}]},{\"@type\":\"ImageObject\",\"inLanguage\":\"fr-FR\",\"@id\":\"https:\/\/www.fundaciomascort.com\/fr\/publication\/jose-maria-mascort-2\/#primaryimage\",\"url\":\"https:\/\/www.fundaciomascort.com\/wp-content\/uploads\/2020\/03\/Coberta-Jose-M-Mascort-forca-paisatge.jpg\",\"contentUrl\":\"https:\/\/www.fundaciomascort.com\/wp-content\/uploads\/2020\/03\/Coberta-Jose-M-Mascort-forca-paisatge.jpg\",\"width\":595,\"height\":709},{\"@type\":\"BreadcrumbList\",\"@id\":\"https:\/\/www.fundaciomascort.com\/fr\/publication\/jose-maria-mascort-2\/#breadcrumb\",\"itemListElement\":[{\"@type\":\"ListItem\",\"position\":1,\"name\":\"Home\",\"item\":\"https:\/\/www.fundaciomascort.com\/fr\/\"},{\"@type\":\"ListItem\",\"position\":2,\"name\":\"Publications\",\"item\":\"https:\/\/www.fundaciomascort.com\/fr\/publicacions\/\"},{\"@type\":\"ListItem\",\"position\":3,\"name\":\"Jos\u00e9 Mar\u00eda Mascort\"}]},{\"@type\":\"WebSite\",\"@id\":\"https:\/\/www.fundaciomascort.com\/fr\/#website\",\"url\":\"https:\/\/www.fundaciomascort.com\/fr\/\",\"name\":\"Fundaci\u00f3 Mascort\",\"description\":\"Esperem que compartiu amb nosaltres les exposicions de la Casa Galibern i les nostres publicacions.\",\"potentialAction\":[{\"@type\":\"SearchAction\",\"target\":{\"@type\":\"EntryPoint\",\"urlTemplate\":\"https:\/\/www.fundaciomascort.com\/fr\/?s={search_term_string}\"},\"query-input\":{\"@type\":\"PropertyValueSpecification\",\"valueRequired\":true,\"valueName\":\"search_term_string\"}}],\"inLanguage\":\"fr-FR\"}]}<\/script>\n<!-- \/ Yoast SEO plugin. -->","yoast_head_json":{"title":"Jos\u00e9 Mar\u00eda Mascort - Fundaci\u00f3 Mascort","robots":{"index":"index","follow":"follow","max-snippet":"max-snippet:-1","max-image-preview":"max-image-preview:large","max-video-preview":"max-video-preview:-1"},"canonical":"https:\/\/www.fundaciomascort.com\/fr\/publication\/jose-maria-mascort-2\/","og_locale":"fr_FR","og_type":"article","og_title":"Jos\u00e9 Mar\u00eda Mascort - Fundaci\u00f3 Mascort","og_description":"Le livre Jos\u00e9 Mar\u00eda Mascort. La for\u00e7a del paisatge, publi\u00e9 par la Fundaci\u00f3 Privada Mascort et \u00e9crit par Rosa M. Creixell, doctoresse et professeur d\u2019Histoire de l\u2019Art \u00e0 l\u2019Universit\u00e9 de Barcelone, est la premi\u00e8re \u00e9tude sur la vie et l\u2019\u0153uvre de Jos\u00e9 Mar\u00eda Mascort Galibern, peintre de Torroella de Montgr\u00ed. L\u2019\u0153uvre aborde davantage la biographie [&hellip;]","og_url":"https:\/\/www.fundaciomascort.com\/fr\/publication\/jose-maria-mascort-2\/","og_site_name":"Fundaci\u00f3 Mascort","article_publisher":"https:\/\/www.facebook.com\/fundaciomascort","article_modified_time":"2024-04-29T00:01:03+00:00","og_image":[{"width":595,"height":709,"url":"https:\/\/www.fundaciomascort.com\/wp-content\/uploads\/2020\/03\/Coberta-Jose-M-Mascort-forca-paisatge.jpg","type":"image\/jpeg"}],"twitter_card":"summary_large_image","twitter_site":"@fundaciomascort","twitter_misc":{"Dur\u00e9e de lecture estim\u00e9e":"1 minute"},"schema":{"@context":"https:\/\/schema.org","@graph":[{"@type":"WebPage","@id":"https:\/\/www.fundaciomascort.com\/fr\/publication\/jose-maria-mascort-2\/","url":"https:\/\/www.fundaciomascort.com\/fr\/publication\/jose-maria-mascort-2\/","name":"Jos\u00e9 Mar\u00eda Mascort - Fundaci\u00f3 Mascort","isPartOf":{"@id":"https:\/\/www.fundaciomascort.com\/fr\/#website"},"primaryImageOfPage":{"@id":"https:\/\/www.fundaciomascort.com\/fr\/publication\/jose-maria-mascort-2\/#primaryimage"},"image":{"@id":"https:\/\/www.fundaciomascort.com\/fr\/publication\/jose-maria-mascort-2\/#primaryimage"},"thumbnailUrl":"https:\/\/www.fundaciomascort.com\/wp-content\/uploads\/2020\/03\/Coberta-Jose-M-Mascort-forca-paisatge.jpg","datePublished":"2020-03-19T05:08:15+00:00","dateModified":"2024-04-29T00:01:03+00:00","breadcrumb":{"@id":"https:\/\/www.fundaciomascort.com\/fr\/publication\/jose-maria-mascort-2\/#breadcrumb"},"inLanguage":"fr-FR","potentialAction":[{"@type":"ReadAction","target":["https:\/\/www.fundaciomascort.com\/fr\/publication\/jose-maria-mascort-2\/"]}]},{"@type":"ImageObject","inLanguage":"fr-FR","@id":"https:\/\/www.fundaciomascort.com\/fr\/publication\/jose-maria-mascort-2\/#primaryimage","url":"https:\/\/www.fundaciomascort.com\/wp-content\/uploads\/2020\/03\/Coberta-Jose-M-Mascort-forca-paisatge.jpg","contentUrl":"https:\/\/www.fundaciomascort.com\/wp-content\/uploads\/2020\/03\/Coberta-Jose-M-Mascort-forca-paisatge.jpg","width":595,"height":709},{"@type":"BreadcrumbList","@id":"https:\/\/www.fundaciomascort.com\/fr\/publication\/jose-maria-mascort-2\/#breadcrumb","itemListElement":[{"@type":"ListItem","position":1,"name":"Home","item":"https:\/\/www.fundaciomascort.com\/fr\/"},{"@type":"ListItem","position":2,"name":"Publications","item":"https:\/\/www.fundaciomascort.com\/fr\/publicacions\/"},{"@type":"ListItem","position":3,"name":"Jos\u00e9 Mar\u00eda Mascort"}]},{"@type":"WebSite","@id":"https:\/\/www.fundaciomascort.com\/fr\/#website","url":"https:\/\/www.fundaciomascort.com\/fr\/","name":"Fundaci\u00f3 Mascort","description":"Esperem que compartiu amb nosaltres les exposicions de la Casa Galibern i les nostres publicacions.","potentialAction":[{"@type":"SearchAction","target":{"@type":"EntryPoint","urlTemplate":"https:\/\/www.fundaciomascort.com\/fr\/?s={search_term_string}"},"query-input":{"@type":"PropertyValueSpecification","valueRequired":true,"valueName":"search_term_string"}}],"inLanguage":"fr-FR"}]}},"_links":{"self":[{"href":"https:\/\/www.fundaciomascort.com\/fr\/wp-json\/wp\/v2\/product\/11489"}],"collection":[{"href":"https:\/\/www.fundaciomascort.com\/fr\/wp-json\/wp\/v2\/product"}],"about":[{"href":"https:\/\/www.fundaciomascort.com\/fr\/wp-json\/wp\/v2\/types\/product"}],"wp:featuredmedia":[{"embeddable":true,"href":"https:\/\/www.fundaciomascort.com\/fr\/wp-json\/wp\/v2\/media\/9606"}],"wp:attachment":[{"href":"https:\/\/www.fundaciomascort.com\/fr\/wp-json\/wp\/v2\/media?parent=11489"}],"wp:term":[{"taxonomy":"product_brand","embeddable":true,"href":"https:\/\/www.fundaciomascort.com\/fr\/wp-json\/wp\/v2\/product_brand?post=11489"},{"taxonomy":"product_cat","embeddable":true,"href":"https:\/\/www.fundaciomascort.com\/fr\/wp-json\/wp\/v2\/product_cat?post=11489"},{"taxonomy":"product_tag","embeddable":true,"href":"https:\/\/www.fundaciomascort.com\/fr\/wp-json\/wp\/v2\/product_tag?post=11489"}],"curies":[{"name":"wp","href":"https:\/\/api.w.org\/{rel}","templated":true}]}}