{"id":11483,"date":"2020-03-19T05:08:15","date_gmt":"2020-03-19T05:08:15","guid":{"rendered":"https:\/\/www.fundaciomascort.com\/publicacio\/la-loza-dorada\/"},"modified":"2024-04-29T00:01:02","modified_gmt":"2024-04-29T00:01:02","slug":"la-loza-dorada","status":"publish","type":"product","link":"https:\/\/www.fundaciomascort.com\/fr\/publication\/la-loza-dorada\/","title":{"rendered":"La loza dorada"},"content":{"rendered":"<p><em>La loza dorada de la Colecci\u00f3n Mascort<\/em> est une synth\u00e8se actualis\u00e9e des aspects les plus controvers\u00e9s portant sur la fa\u00efence \u00e0 lustre m\u00e9tallique hispanique, offrant un apport documentaire tr\u00e8s important rattach\u00e9 au commerce de la fa\u00efence \u00e0 lustre m\u00e9tallique de Valencia de la fin du XVe si\u00e8cle. Les r\u00e9sultats des analyses des p\u00e2tes c\u00e9ramiques r\u00e9alis\u00e9es sur des \u00e9chantillons allant du XIV e si\u00e8cle au XVIIe si\u00e8cle sont \u00e9galement publi\u00e9s. En outre, il incorpore le catalogage des 294 pi\u00e8ces de fa\u00efence \u00e0 lustre m\u00e9tallique de la collection (Kashan, Murcie, Malaga, Paterna, Manises, Muel, S\u00e9ville, Barcelone et Reus), avec de grandes photographies couleur des avers et revers, ainsi que des dessins des profils c\u00e9ramiques. Une \u0153uvre indispensable pour d\u00e9couvrir l\u2019une des productions c\u00e9ramiques les plus fascinantes surgies du g\u00e9nie de l\u2019homme.<\/p>\n","protected":false},"excerpt":{"rendered":"<p>La loza dorada de la Colecci\u00f3n Mascort est une synth\u00e8se actualis\u00e9e des aspects les plus controvers\u00e9s portant sur la fa\u00efence \u00e0 lustre m\u00e9tallique hispanique, offrant un apport documentaire tr\u00e8s important rattach\u00e9 au commerce de la fa\u00efence \u00e0 lustre m\u00e9tallique de Valencia de la fin du XVe si\u00e8cle. Les r\u00e9sultats des analyses des p\u00e2tes c\u00e9ramiques r\u00e9alis\u00e9es [&hellip;]<\/p>\n","protected":false},"featured_media":9600,"template":"","meta":{"_acf_changed":false},"product_brand":[],"product_cat":[41],"product_tag":[],"class_list":{"0":"post-11483","1":"product","2":"type-product","3":"status-publish","4":"has-post-thumbnail","6":"product_cat-sense-categoria-fr","8":"first","9":"instock","10":"taxable","11":"shipping-taxable","12":"purchasable","13":"product-type-simple"},"acf":[],"yoast_head":"<!-- This site is optimized with the Yoast SEO plugin v25.6 - https:\/\/yoast.com\/wordpress\/plugins\/seo\/ -->\n<title>La loza dorada - Fundaci\u00f3 Mascort<\/title>\n<meta name=\"robots\" content=\"index, follow, max-snippet:-1, max-image-preview:large, max-video-preview:-1\" \/>\n<link rel=\"canonical\" href=\"https:\/\/www.fundaciomascort.com\/fr\/publication\/la-loza-dorada\/\" \/>\n<meta property=\"og:locale\" content=\"fr_FR\" \/>\n<meta property=\"og:type\" content=\"article\" \/>\n<meta property=\"og:title\" content=\"La loza dorada - Fundaci\u00f3 Mascort\" \/>\n<meta property=\"og:description\" content=\"La loza dorada de la Colecci\u00f3n Mascort est une synth\u00e8se actualis\u00e9e des aspects les plus controvers\u00e9s portant sur la fa\u00efence \u00e0 lustre m\u00e9tallique hispanique, offrant un apport documentaire tr\u00e8s important rattach\u00e9 au commerce de la fa\u00efence \u00e0 lustre m\u00e9tallique de Valencia de la fin du XVe si\u00e8cle. Les r\u00e9sultats des analyses des p\u00e2tes c\u00e9ramiques r\u00e9alis\u00e9es [&hellip;]\" \/>\n<meta property=\"og:url\" content=\"https:\/\/www.fundaciomascort.com\/fr\/publication\/la-loza-dorada\/\" \/>\n<meta property=\"og:site_name\" content=\"Fundaci\u00f3 Mascort\" \/>\n<meta property=\"article:publisher\" content=\"https:\/\/www.facebook.com\/fundaciomascort\" \/>\n<meta property=\"article:modified_time\" content=\"2024-04-29T00:01:02+00:00\" \/>\n<meta property=\"og:image\" content=\"https:\/\/www.fundaciomascort.com\/wp-content\/uploads\/2020\/03\/Coberta-Loza-Dorada.jpg\" \/>\n\t<meta property=\"og:image:width\" content=\"595\" \/>\n\t<meta property=\"og:image:height\" content=\"709\" \/>\n\t<meta property=\"og:image:type\" content=\"image\/jpeg\" \/>\n<meta name=\"twitter:card\" content=\"summary_large_image\" \/>\n<meta name=\"twitter:site\" content=\"@fundaciomascort\" \/>\n<meta name=\"twitter:label1\" content=\"Dur\u00e9e de lecture estim\u00e9e\" \/>\n\t<meta name=\"twitter:data1\" content=\"1 minute\" \/>\n<script type=\"application\/ld+json\" class=\"yoast-schema-graph\">{\"@context\":\"https:\/\/schema.org\",\"@graph\":[{\"@type\":\"WebPage\",\"@id\":\"https:\/\/www.fundaciomascort.com\/fr\/publication\/la-loza-dorada\/\",\"url\":\"https:\/\/www.fundaciomascort.com\/fr\/publication\/la-loza-dorada\/\",\"name\":\"La loza dorada - Fundaci\u00f3 Mascort\",\"isPartOf\":{\"@id\":\"https:\/\/www.fundaciomascort.com\/fr\/#website\"},\"primaryImageOfPage\":{\"@id\":\"https:\/\/www.fundaciomascort.com\/fr\/publication\/la-loza-dorada\/#primaryimage\"},\"image\":{\"@id\":\"https:\/\/www.fundaciomascort.com\/fr\/publication\/la-loza-dorada\/#primaryimage\"},\"thumbnailUrl\":\"https:\/\/www.fundaciomascort.com\/wp-content\/uploads\/2020\/03\/Coberta-Loza-Dorada.jpg\",\"datePublished\":\"2020-03-19T05:08:15+00:00\",\"dateModified\":\"2024-04-29T00:01:02+00:00\",\"breadcrumb\":{\"@id\":\"https:\/\/www.fundaciomascort.com\/fr\/publication\/la-loza-dorada\/#breadcrumb\"},\"inLanguage\":\"fr-FR\",\"potentialAction\":[{\"@type\":\"ReadAction\",\"target\":[\"https:\/\/www.fundaciomascort.com\/fr\/publication\/la-loza-dorada\/\"]}]},{\"@type\":\"ImageObject\",\"inLanguage\":\"fr-FR\",\"@id\":\"https:\/\/www.fundaciomascort.com\/fr\/publication\/la-loza-dorada\/#primaryimage\",\"url\":\"https:\/\/www.fundaciomascort.com\/wp-content\/uploads\/2020\/03\/Coberta-Loza-Dorada.jpg\",\"contentUrl\":\"https:\/\/www.fundaciomascort.com\/wp-content\/uploads\/2020\/03\/Coberta-Loza-Dorada.jpg\",\"width\":595,\"height\":709},{\"@type\":\"BreadcrumbList\",\"@id\":\"https:\/\/www.fundaciomascort.com\/fr\/publication\/la-loza-dorada\/#breadcrumb\",\"itemListElement\":[{\"@type\":\"ListItem\",\"position\":1,\"name\":\"Home\",\"item\":\"https:\/\/www.fundaciomascort.com\/fr\/\"},{\"@type\":\"ListItem\",\"position\":2,\"name\":\"Publications\",\"item\":\"https:\/\/www.fundaciomascort.com\/fr\/publicacions\/\"},{\"@type\":\"ListItem\",\"position\":3,\"name\":\"La loza dorada\"}]},{\"@type\":\"WebSite\",\"@id\":\"https:\/\/www.fundaciomascort.com\/fr\/#website\",\"url\":\"https:\/\/www.fundaciomascort.com\/fr\/\",\"name\":\"Fundaci\u00f3 Mascort\",\"description\":\"Esperem que compartiu amb nosaltres les exposicions de la Casa Galibern i les nostres publicacions.\",\"potentialAction\":[{\"@type\":\"SearchAction\",\"target\":{\"@type\":\"EntryPoint\",\"urlTemplate\":\"https:\/\/www.fundaciomascort.com\/fr\/?s={search_term_string}\"},\"query-input\":{\"@type\":\"PropertyValueSpecification\",\"valueRequired\":true,\"valueName\":\"search_term_string\"}}],\"inLanguage\":\"fr-FR\"}]}<\/script>\n<!-- \/ Yoast SEO plugin. -->","yoast_head_json":{"title":"La loza dorada - Fundaci\u00f3 Mascort","robots":{"index":"index","follow":"follow","max-snippet":"max-snippet:-1","max-image-preview":"max-image-preview:large","max-video-preview":"max-video-preview:-1"},"canonical":"https:\/\/www.fundaciomascort.com\/fr\/publication\/la-loza-dorada\/","og_locale":"fr_FR","og_type":"article","og_title":"La loza dorada - Fundaci\u00f3 Mascort","og_description":"La loza dorada de la Colecci\u00f3n Mascort est une synth\u00e8se actualis\u00e9e des aspects les plus controvers\u00e9s portant sur la fa\u00efence \u00e0 lustre m\u00e9tallique hispanique, offrant un apport documentaire tr\u00e8s important rattach\u00e9 au commerce de la fa\u00efence \u00e0 lustre m\u00e9tallique de Valencia de la fin du XVe si\u00e8cle. Les r\u00e9sultats des analyses des p\u00e2tes c\u00e9ramiques r\u00e9alis\u00e9es [&hellip;]","og_url":"https:\/\/www.fundaciomascort.com\/fr\/publication\/la-loza-dorada\/","og_site_name":"Fundaci\u00f3 Mascort","article_publisher":"https:\/\/www.facebook.com\/fundaciomascort","article_modified_time":"2024-04-29T00:01:02+00:00","og_image":[{"width":595,"height":709,"url":"https:\/\/www.fundaciomascort.com\/wp-content\/uploads\/2020\/03\/Coberta-Loza-Dorada.jpg","type":"image\/jpeg"}],"twitter_card":"summary_large_image","twitter_site":"@fundaciomascort","twitter_misc":{"Dur\u00e9e de lecture estim\u00e9e":"1 minute"},"schema":{"@context":"https:\/\/schema.org","@graph":[{"@type":"WebPage","@id":"https:\/\/www.fundaciomascort.com\/fr\/publication\/la-loza-dorada\/","url":"https:\/\/www.fundaciomascort.com\/fr\/publication\/la-loza-dorada\/","name":"La loza dorada - Fundaci\u00f3 Mascort","isPartOf":{"@id":"https:\/\/www.fundaciomascort.com\/fr\/#website"},"primaryImageOfPage":{"@id":"https:\/\/www.fundaciomascort.com\/fr\/publication\/la-loza-dorada\/#primaryimage"},"image":{"@id":"https:\/\/www.fundaciomascort.com\/fr\/publication\/la-loza-dorada\/#primaryimage"},"thumbnailUrl":"https:\/\/www.fundaciomascort.com\/wp-content\/uploads\/2020\/03\/Coberta-Loza-Dorada.jpg","datePublished":"2020-03-19T05:08:15+00:00","dateModified":"2024-04-29T00:01:02+00:00","breadcrumb":{"@id":"https:\/\/www.fundaciomascort.com\/fr\/publication\/la-loza-dorada\/#breadcrumb"},"inLanguage":"fr-FR","potentialAction":[{"@type":"ReadAction","target":["https:\/\/www.fundaciomascort.com\/fr\/publication\/la-loza-dorada\/"]}]},{"@type":"ImageObject","inLanguage":"fr-FR","@id":"https:\/\/www.fundaciomascort.com\/fr\/publication\/la-loza-dorada\/#primaryimage","url":"https:\/\/www.fundaciomascort.com\/wp-content\/uploads\/2020\/03\/Coberta-Loza-Dorada.jpg","contentUrl":"https:\/\/www.fundaciomascort.com\/wp-content\/uploads\/2020\/03\/Coberta-Loza-Dorada.jpg","width":595,"height":709},{"@type":"BreadcrumbList","@id":"https:\/\/www.fundaciomascort.com\/fr\/publication\/la-loza-dorada\/#breadcrumb","itemListElement":[{"@type":"ListItem","position":1,"name":"Home","item":"https:\/\/www.fundaciomascort.com\/fr\/"},{"@type":"ListItem","position":2,"name":"Publications","item":"https:\/\/www.fundaciomascort.com\/fr\/publicacions\/"},{"@type":"ListItem","position":3,"name":"La loza dorada"}]},{"@type":"WebSite","@id":"https:\/\/www.fundaciomascort.com\/fr\/#website","url":"https:\/\/www.fundaciomascort.com\/fr\/","name":"Fundaci\u00f3 Mascort","description":"Esperem que compartiu amb nosaltres les exposicions de la Casa Galibern i les nostres publicacions.","potentialAction":[{"@type":"SearchAction","target":{"@type":"EntryPoint","urlTemplate":"https:\/\/www.fundaciomascort.com\/fr\/?s={search_term_string}"},"query-input":{"@type":"PropertyValueSpecification","valueRequired":true,"valueName":"search_term_string"}}],"inLanguage":"fr-FR"}]}},"_links":{"self":[{"href":"https:\/\/www.fundaciomascort.com\/fr\/wp-json\/wp\/v2\/product\/11483"}],"collection":[{"href":"https:\/\/www.fundaciomascort.com\/fr\/wp-json\/wp\/v2\/product"}],"about":[{"href":"https:\/\/www.fundaciomascort.com\/fr\/wp-json\/wp\/v2\/types\/product"}],"wp:featuredmedia":[{"embeddable":true,"href":"https:\/\/www.fundaciomascort.com\/fr\/wp-json\/wp\/v2\/media\/9600"}],"wp:attachment":[{"href":"https:\/\/www.fundaciomascort.com\/fr\/wp-json\/wp\/v2\/media?parent=11483"}],"wp:term":[{"taxonomy":"product_brand","embeddable":true,"href":"https:\/\/www.fundaciomascort.com\/fr\/wp-json\/wp\/v2\/product_brand?post=11483"},{"taxonomy":"product_cat","embeddable":true,"href":"https:\/\/www.fundaciomascort.com\/fr\/wp-json\/wp\/v2\/product_cat?post=11483"},{"taxonomy":"product_tag","embeddable":true,"href":"https:\/\/www.fundaciomascort.com\/fr\/wp-json\/wp\/v2\/product_tag?post=11483"}],"curies":[{"name":"wp","href":"https:\/\/api.w.org\/{rel}","templated":true}]}}