{"id":15381,"date":"2024-08-16T13:24:13","date_gmt":"2024-08-16T13:24:13","guid":{"rendered":"https:\/\/www.fundaciomascort.com\/?post_type=events&#038;p=15381"},"modified":"2024-08-20T12:36:47","modified_gmt":"2024-08-20T12:36:47","slug":"visita-guiada-virtual-la-mer-a-lhorizon-13-10-24-1400","status":"publish","type":"events","link":"https:\/\/www.fundaciomascort.com\/fr\/events\/visita-guiada-virtual-la-mer-a-lhorizon-13-10-24-1400\/","title":{"rendered":"Visita guiada virtual \u00ab\u00a0La mer \u00e0 l&rsquo;horizon\u00a0\u00bb, 13\/10\/24 &#8211; 14:00"},"template":"","class_list":["post-15381","events","type-events","status-publish","hentry"],"acf":[],"yoast_head":"<!-- This site is optimized with the Yoast SEO plugin v25.6 - https:\/\/yoast.com\/wordpress\/plugins\/seo\/ -->\n<title>Visita guiada virtual &quot;La mer \u00e0 l&#039;horizon&quot;, 13\/10\/24 - 14:00 - Fundaci\u00f3 Mascort<\/title>\n<meta name=\"description\" content=\"Si vous n&#039;avez pas pu participer aux visites guid\u00e9es de l&#039;exposition La mer \u00e0 l\u2019horizonOiseaux et mammif\u00e8res marins et les plus beaux oiseaux du monde, ou si vous souhaitez revivre l&#039;exp\u00e9rience, vous pouvez d\u00e9sormais faire une visite virtuelle de l&#039;ornithologue et naturaliste Jordi Sargatal, l&#039;un des commissaires de l&#039;exposition\" \/>\n<meta name=\"robots\" content=\"index, follow, max-snippet:-1, max-image-preview:large, max-video-preview:-1\" \/>\n<link rel=\"canonical\" href=\"https:\/\/www.fundaciomascort.com\/fr\/events\/visita-guiada-virtual-la-mer-a-lhorizon-13-10-24-1400\/\" \/>\n<meta property=\"og:locale\" content=\"fr_FR\" \/>\n<meta property=\"og:type\" content=\"article\" \/>\n<meta property=\"og:title\" content=\"Visita guiada virtual &quot;La mer \u00e0 l&#039;horizon&quot;, 13\/10\/24 - 14:00 - Fundaci\u00f3 Mascort\" \/>\n<meta property=\"og:description\" content=\"Si vous n&#039;avez pas pu participer aux visites guid\u00e9es de l&#039;exposition La mer \u00e0 l\u2019horizonOiseaux et mammif\u00e8res marins et les plus beaux oiseaux du monde, ou si vous souhaitez revivre l&#039;exp\u00e9rience, vous pouvez d\u00e9sormais faire une visite virtuelle de l&#039;ornithologue et naturaliste Jordi Sargatal, l&#039;un des commissaires de l&#039;exposition\" \/>\n<meta property=\"og:url\" content=\"https:\/\/www.fundaciomascort.com\/fr\/events\/visita-guiada-virtual-la-mer-a-lhorizon-13-10-24-1400\/\" \/>\n<meta property=\"og:site_name\" content=\"Fundaci\u00f3 Mascort\" \/>\n<meta property=\"article:publisher\" content=\"https:\/\/www.facebook.com\/fundaciomascort\" \/>\n<meta property=\"article:modified_time\" content=\"2024-08-20T12:36:47+00:00\" \/>\n<meta name=\"twitter:card\" content=\"summary_large_image\" \/>\n<meta name=\"twitter:site\" content=\"@fundaciomascort\" \/>\n<script type=\"application\/ld+json\" class=\"yoast-schema-graph\">{\"@context\":\"https:\/\/schema.org\",\"@graph\":[{\"@type\":\"WebPage\",\"@id\":\"https:\/\/www.fundaciomascort.com\/fr\/events\/visita-guiada-virtual-la-mer-a-lhorizon-13-10-24-1400\/\",\"url\":\"https:\/\/www.fundaciomascort.com\/fr\/events\/visita-guiada-virtual-la-mer-a-lhorizon-13-10-24-1400\/\",\"name\":\"Visita guiada virtual \\\"La mer \u00e0 l'horizon\\\", 13\/10\/24 - 14:00 - Fundaci\u00f3 Mascort\",\"isPartOf\":{\"@id\":\"https:\/\/www.fundaciomascort.com\/fr\/#website\"},\"datePublished\":\"2024-08-16T13:24:13+00:00\",\"dateModified\":\"2024-08-20T12:36:47+00:00\",\"description\":\"Si vous n'avez pas pu participer aux visites guid\u00e9es de l'exposition La mer \u00e0 l\u2019horizonOiseaux et mammif\u00e8res marins et les plus beaux oiseaux du monde, ou si vous souhaitez revivre l'exp\u00e9rience, vous pouvez d\u00e9sormais faire une visite virtuelle de l'ornithologue et naturaliste Jordi Sargatal, l'un des commissaires de l'exposition\",\"breadcrumb\":{\"@id\":\"https:\/\/www.fundaciomascort.com\/fr\/events\/visita-guiada-virtual-la-mer-a-lhorizon-13-10-24-1400\/#breadcrumb\"},\"inLanguage\":\"fr-FR\",\"potentialAction\":[{\"@type\":\"ReadAction\",\"target\":[\"https:\/\/www.fundaciomascort.com\/fr\/events\/visita-guiada-virtual-la-mer-a-lhorizon-13-10-24-1400\/\"]}]},{\"@type\":\"BreadcrumbList\",\"@id\":\"https:\/\/www.fundaciomascort.com\/fr\/events\/visita-guiada-virtual-la-mer-a-lhorizon-13-10-24-1400\/#breadcrumb\",\"itemListElement\":[{\"@type\":\"ListItem\",\"position\":1,\"name\":\"Home\",\"item\":\"https:\/\/www.fundaciomascort.com\/fr\/\"},{\"@type\":\"ListItem\",\"position\":2,\"name\":\"Activit\u00e9s\",\"item\":\"https:\/\/www.fundaciomascort.com\/fr\/events\/\"},{\"@type\":\"ListItem\",\"position\":3,\"name\":\"Visita guiada virtual &#8220;La mer \u00e0 l&#8217;horizon&#8221;, 13\/10\/24 &#8211; 14:00\"}]},{\"@type\":\"WebSite\",\"@id\":\"https:\/\/www.fundaciomascort.com\/fr\/#website\",\"url\":\"https:\/\/www.fundaciomascort.com\/fr\/\",\"name\":\"Fundaci\u00f3 Mascort\",\"description\":\"Esperem que compartiu amb nosaltres les exposicions de la Casa Galibern i les nostres publicacions.\",\"potentialAction\":[{\"@type\":\"SearchAction\",\"target\":{\"@type\":\"EntryPoint\",\"urlTemplate\":\"https:\/\/www.fundaciomascort.com\/fr\/?s={search_term_string}\"},\"query-input\":{\"@type\":\"PropertyValueSpecification\",\"valueRequired\":true,\"valueName\":\"search_term_string\"}}],\"inLanguage\":\"fr-FR\"}]}<\/script>\n<!-- \/ Yoast SEO plugin. -->","yoast_head_json":{"title":"Visita guiada virtual \"La mer \u00e0 l'horizon\", 13\/10\/24 - 14:00 - Fundaci\u00f3 Mascort","description":"Si vous n'avez pas pu participer aux visites guid\u00e9es de l'exposition La mer \u00e0 l\u2019horizonOiseaux et mammif\u00e8res marins et les plus beaux oiseaux du monde, ou si vous souhaitez revivre l'exp\u00e9rience, vous pouvez d\u00e9sormais faire une visite virtuelle de l'ornithologue et naturaliste Jordi Sargatal, l'un des commissaires de l'exposition","robots":{"index":"index","follow":"follow","max-snippet":"max-snippet:-1","max-image-preview":"max-image-preview:large","max-video-preview":"max-video-preview:-1"},"canonical":"https:\/\/www.fundaciomascort.com\/fr\/events\/visita-guiada-virtual-la-mer-a-lhorizon-13-10-24-1400\/","og_locale":"fr_FR","og_type":"article","og_title":"Visita guiada virtual \"La mer \u00e0 l'horizon\", 13\/10\/24 - 14:00 - Fundaci\u00f3 Mascort","og_description":"Si vous n'avez pas pu participer aux visites guid\u00e9es de l'exposition La mer \u00e0 l\u2019horizonOiseaux et mammif\u00e8res marins et les plus beaux oiseaux du monde, ou si vous souhaitez revivre l'exp\u00e9rience, vous pouvez d\u00e9sormais faire une visite virtuelle de l'ornithologue et naturaliste Jordi Sargatal, l'un des commissaires de l'exposition","og_url":"https:\/\/www.fundaciomascort.com\/fr\/events\/visita-guiada-virtual-la-mer-a-lhorizon-13-10-24-1400\/","og_site_name":"Fundaci\u00f3 Mascort","article_publisher":"https:\/\/www.facebook.com\/fundaciomascort","article_modified_time":"2024-08-20T12:36:47+00:00","twitter_card":"summary_large_image","twitter_site":"@fundaciomascort","schema":{"@context":"https:\/\/schema.org","@graph":[{"@type":"WebPage","@id":"https:\/\/www.fundaciomascort.com\/fr\/events\/visita-guiada-virtual-la-mer-a-lhorizon-13-10-24-1400\/","url":"https:\/\/www.fundaciomascort.com\/fr\/events\/visita-guiada-virtual-la-mer-a-lhorizon-13-10-24-1400\/","name":"Visita guiada virtual \"La mer \u00e0 l'horizon\", 13\/10\/24 - 14:00 - Fundaci\u00f3 Mascort","isPartOf":{"@id":"https:\/\/www.fundaciomascort.com\/fr\/#website"},"datePublished":"2024-08-16T13:24:13+00:00","dateModified":"2024-08-20T12:36:47+00:00","description":"Si vous n'avez pas pu participer aux visites guid\u00e9es de l'exposition La mer \u00e0 l\u2019horizonOiseaux et mammif\u00e8res marins et les plus beaux oiseaux du monde, ou si vous souhaitez revivre l'exp\u00e9rience, vous pouvez d\u00e9sormais faire une visite virtuelle de l'ornithologue et naturaliste Jordi Sargatal, l'un des commissaires de l'exposition","breadcrumb":{"@id":"https:\/\/www.fundaciomascort.com\/fr\/events\/visita-guiada-virtual-la-mer-a-lhorizon-13-10-24-1400\/#breadcrumb"},"inLanguage":"fr-FR","potentialAction":[{"@type":"ReadAction","target":["https:\/\/www.fundaciomascort.com\/fr\/events\/visita-guiada-virtual-la-mer-a-lhorizon-13-10-24-1400\/"]}]},{"@type":"BreadcrumbList","@id":"https:\/\/www.fundaciomascort.com\/fr\/events\/visita-guiada-virtual-la-mer-a-lhorizon-13-10-24-1400\/#breadcrumb","itemListElement":[{"@type":"ListItem","position":1,"name":"Home","item":"https:\/\/www.fundaciomascort.com\/fr\/"},{"@type":"ListItem","position":2,"name":"Activit\u00e9s","item":"https:\/\/www.fundaciomascort.com\/fr\/events\/"},{"@type":"ListItem","position":3,"name":"Visita guiada virtual &#8220;La mer \u00e0 l&#8217;horizon&#8221;, 13\/10\/24 &#8211; 14:00"}]},{"@type":"WebSite","@id":"https:\/\/www.fundaciomascort.com\/fr\/#website","url":"https:\/\/www.fundaciomascort.com\/fr\/","name":"Fundaci\u00f3 Mascort","description":"Esperem que compartiu amb nosaltres les exposicions de la Casa Galibern i les nostres publicacions.","potentialAction":[{"@type":"SearchAction","target":{"@type":"EntryPoint","urlTemplate":"https:\/\/www.fundaciomascort.com\/fr\/?s={search_term_string}"},"query-input":{"@type":"PropertyValueSpecification","valueRequired":true,"valueName":"search_term_string"}}],"inLanguage":"fr-FR"}]}},"_links":{"self":[{"href":"https:\/\/www.fundaciomascort.com\/fr\/wp-json\/wp\/v2\/events\/15381"}],"collection":[{"href":"https:\/\/www.fundaciomascort.com\/fr\/wp-json\/wp\/v2\/events"}],"about":[{"href":"https:\/\/www.fundaciomascort.com\/fr\/wp-json\/wp\/v2\/types\/events"}],"wp:attachment":[{"href":"https:\/\/www.fundaciomascort.com\/fr\/wp-json\/wp\/v2\/media?parent=15381"}],"curies":[{"name":"wp","href":"https:\/\/api.w.org\/{rel}","templated":true}]}}