{"version":"1.0","provider_name":"Fundaci\u00f3 Mascort","provider_url":"https:\/\/www.fundaciomascort.com\/fr\/","title":"Jos\u00e9 Mar\u00eda Mascort - Fundaci\u00f3 Mascort","type":"rich","width":600,"height":338,"html":"<blockquote class=\"wp-embedded-content\" data-secret=\"OV7GVJuJDZ\"><a href=\"https:\/\/www.fundaciomascort.com\/fr\/publication\/jose-maria-mascort-2\/\">Jos\u00e9 Mar\u00eda Mascort<\/a><\/blockquote><iframe sandbox=\"allow-scripts\" security=\"restricted\" src=\"https:\/\/www.fundaciomascort.com\/fr\/publication\/jose-maria-mascort-2\/embed\/#?secret=OV7GVJuJDZ\" width=\"600\" height=\"338\" title=\"\u00ab\u00a0Jos\u00e9 Mar\u00eda Mascort\u00a0\u00bb &#8212; Fundaci\u00f3 Mascort\" data-secret=\"OV7GVJuJDZ\" frameborder=\"0\" marginwidth=\"0\" marginheight=\"0\" scrolling=\"no\" class=\"wp-embedded-content\"><\/iframe><script type=\"text\/javascript\">\n\/* <![CDATA[ *\/\n\/*! This file is auto-generated *\/\n!function(d,l){\"use strict\";l.querySelector&&d.addEventListener&&\"undefined\"!=typeof URL&&(d.wp=d.wp||{},d.wp.receiveEmbedMessage||(d.wp.receiveEmbedMessage=function(e){var t=e.data;if((t||t.secret||t.message||t.value)&&!\/[^a-zA-Z0-9]\/.test(t.secret)){for(var s,r,n,a=l.querySelectorAll('iframe[data-secret=\"'+t.secret+'\"]'),o=l.querySelectorAll('blockquote[data-secret=\"'+t.secret+'\"]'),c=new RegExp(\"^https?:$\",\"i\"),i=0;i<o.length;i++)o[i].style.display=\"none\";for(i=0;i<a.length;i++)s=a[i],e.source===s.contentWindow&&(s.removeAttribute(\"style\"),\"height\"===t.message?(1e3<(r=parseInt(t.value,10))?r=1e3:~~r<200&&(r=200),s.height=r):\"link\"===t.message&&(r=new URL(s.getAttribute(\"src\")),n=new URL(t.value),c.test(n.protocol))&&n.host===r.host&&l.activeElement===s&&(d.top.location.href=t.value))}},d.addEventListener(\"message\",d.wp.receiveEmbedMessage,!1),l.addEventListener(\"DOMContentLoaded\",function(){for(var e,t,s=l.querySelectorAll(\"iframe.wp-embedded-content\"),r=0;r<s.length;r++)(t=(e=s[r]).getAttribute(\"data-secret\"))||(t=Math.random().toString(36).substring(2,12),e.src+=\"#?secret=\"+t,e.setAttribute(\"data-secret\",t)),e.contentWindow.postMessage({message:\"ready\",secret:t},\"*\")},!1)))}(window,document);\n\/* ]]> *\/\n<\/script>\n","thumbnail_url":"https:\/\/www.fundaciomascort.com\/wp-content\/uploads\/2020\/03\/Coberta-Jose-M-Mascort-forca-paisatge.jpg","thumbnail_width":595,"thumbnail_height":709,"description":"Le livre Jos\u00e9 Mar\u00eda Mascort. La for\u00e7a del paisatge, publi\u00e9 par la Fundaci\u00f3 Privada Mascort et \u00e9crit par Rosa M. Creixell, doctoresse et professeur d\u2019Histoire de l\u2019Art \u00e0 l\u2019Universit\u00e9 de Barcelone, est la premi\u00e8re \u00e9tude sur la vie et l\u2019\u0153uvre de Jos\u00e9 Mar\u00eda Mascort Galibern, peintre de Torroella de Montgr\u00ed. L\u2019\u0153uvre aborde davantage la biographie [&hellip;]"}