{"id":14820,"date":"2023-06-20T08:43:06","date_gmt":"2023-06-20T08:43:06","guid":{"rendered":"https:\/\/www.fundaciomascort.com\/?post_type=product&#038;p=14820"},"modified":"2024-09-27T14:46:21","modified_gmt":"2024-09-27T14:46:21","slug":"en-busca-de-la-belleza","status":"publish","type":"product","link":"https:\/\/www.fundaciomascort.com\/es\/publicacion\/en-busca-de-la-belleza\/","title":{"rendered":"En busca de la belleza"},"content":{"rendered":"<p>El cat\u00e1logo, que acompa\u00f1\u00f3 la exposici\u00f3n \u00abA la recerca de la bellesa. La col\u00b7lecci\u00f3 de cer\u00e0mica d&#8217;Ignacio Brugarolas\u00bb, re\u00fane una cuidadosa selecci\u00f3n de cer\u00e1mica de la colecci\u00f3n de Ignacio Brugarolas, en la que destacan los paneles de azulejos catalanes, los aguamaniles y los objetos de cer\u00e1mica renacentista italiana, as\u00ed como ejemplares de cer\u00e1mica espa\u00f1ola, francesa, holandesa, suiza, persa, china y precolombina.<\/p>\n","protected":false},"excerpt":{"rendered":"<p>ISBN: 978-84-09-51264-5<\/p>\n<p><strong><span class=\"author notFaded\" data-width=\"\">Josep Antoni Cerd\u00e0 Mellado<\/span><\/strong><\/p>\n<p>2023<\/p>\n<p>30 x 24 x 1 cm<\/p>\n<p>P\u00e0g. 124<\/p>\n","protected":false},"featured_media":14825,"template":"","meta":{"_acf_changed":false},"product_brand":[],"product_cat":[40],"product_tag":[],"class_list":{"0":"post-14820","1":"product","2":"type-product","3":"status-publish","4":"has-post-thumbnail","6":"product_cat-sense-categoria-es","8":"first","9":"instock","10":"sale","11":"taxable","12":"shipping-taxable","13":"purchasable","14":"product-type-simple"},"acf":[],"yoast_head":"<!-- This site is optimized with the Yoast SEO plugin v25.6 - https:\/\/yoast.com\/wordpress\/plugins\/seo\/ -->\n<title>En busca de la belleza - Fundaci\u00f3 Mascort<\/title>\n<meta name=\"description\" content=\"El cat\u00e1logo, que acompa\u00f1\u00f3 la exposici\u00f3n &quot;A la recerca de la bellesa. La col\u00b7lecci\u00f3 de cer\u00e0mica d&#039;Ignacio Brugarolas&quot;, re\u00fane una cuidadosa selecci\u00f3n de cer\u00e1mica de la colecci\u00f3n de Ignacio Brugarolas, en la que destacan los paneles de azulejos catalanes, los aguamaniles y los objetos de cer\u00e1mica renacentista italiana, as\u00ed como ejemplares de cer\u00e1mica espa\u00f1ola, francesa, holandesa, suiza, persa, china y precolombina.\" \/>\n<meta name=\"robots\" content=\"index, follow, max-snippet:-1, max-image-preview:large, max-video-preview:-1\" \/>\n<link rel=\"canonical\" href=\"https:\/\/www.fundaciomascort.com\/es\/publicacion\/en-busca-de-la-belleza\/\" \/>\n<meta property=\"og:locale\" content=\"es_ES\" \/>\n<meta property=\"og:type\" content=\"article\" \/>\n<meta property=\"og:title\" content=\"En busca de la belleza - Fundaci\u00f3 Mascort\" \/>\n<meta property=\"og:description\" content=\"El cat\u00e1logo, que acompa\u00f1\u00f3 la exposici\u00f3n &quot;A la recerca de la bellesa. La col\u00b7lecci\u00f3 de cer\u00e0mica d&#039;Ignacio Brugarolas&quot;, re\u00fane una cuidadosa selecci\u00f3n de cer\u00e1mica de la colecci\u00f3n de Ignacio Brugarolas, en la que destacan los paneles de azulejos catalanes, los aguamaniles y los objetos de cer\u00e1mica renacentista italiana, as\u00ed como ejemplares de cer\u00e1mica espa\u00f1ola, francesa, holandesa, suiza, persa, china y precolombina.\" \/>\n<meta property=\"og:url\" content=\"https:\/\/www.fundaciomascort.com\/es\/publicacion\/en-busca-de-la-belleza\/\" \/>\n<meta property=\"og:site_name\" content=\"Fundaci\u00f3 Mascort\" \/>\n<meta property=\"article:publisher\" content=\"https:\/\/www.facebook.com\/fundaciomascort\" \/>\n<meta property=\"article:modified_time\" content=\"2024-09-27T14:46:21+00:00\" \/>\n<meta property=\"og:image\" content=\"https:\/\/www.fundaciomascort.com\/wp-content\/uploads\/2023\/06\/Coberta-busca-belleza.jpg\" \/>\n\t<meta property=\"og:image:width\" content=\"600\" \/>\n\t<meta property=\"og:image:height\" content=\"809\" \/>\n\t<meta property=\"og:image:type\" content=\"image\/jpeg\" \/>\n<meta name=\"twitter:card\" content=\"summary_large_image\" \/>\n<meta name=\"twitter:site\" content=\"@fundaciomascort\" \/>\n<meta name=\"twitter:label1\" content=\"Tiempo de lectura\" \/>\n\t<meta name=\"twitter:data1\" content=\"1 minuto\" \/>\n<script type=\"application\/ld+json\" class=\"yoast-schema-graph\">{\"@context\":\"https:\/\/schema.org\",\"@graph\":[{\"@type\":\"WebPage\",\"@id\":\"https:\/\/www.fundaciomascort.com\/es\/publicacion\/en-busca-de-la-belleza\/\",\"url\":\"https:\/\/www.fundaciomascort.com\/es\/publicacion\/en-busca-de-la-belleza\/\",\"name\":\"En busca de la belleza - Fundaci\u00f3 Mascort\",\"isPartOf\":{\"@id\":\"https:\/\/www.fundaciomascort.com\/es\/#website\"},\"primaryImageOfPage\":{\"@id\":\"https:\/\/www.fundaciomascort.com\/es\/publicacion\/en-busca-de-la-belleza\/#primaryimage\"},\"image\":{\"@id\":\"https:\/\/www.fundaciomascort.com\/es\/publicacion\/en-busca-de-la-belleza\/#primaryimage\"},\"thumbnailUrl\":\"https:\/\/www.fundaciomascort.com\/wp-content\/uploads\/2023\/06\/Coberta-busca-belleza.jpg\",\"datePublished\":\"2023-06-20T08:43:06+00:00\",\"dateModified\":\"2024-09-27T14:46:21+00:00\",\"description\":\"El cat\u00e1logo, que acompa\u00f1\u00f3 la exposici\u00f3n \\\"A la recerca de la bellesa. La col\u00b7lecci\u00f3 de cer\u00e0mica d'Ignacio Brugarolas\\\", re\u00fane una cuidadosa selecci\u00f3n de cer\u00e1mica de la colecci\u00f3n de Ignacio Brugarolas, en la que destacan los paneles de azulejos catalanes, los aguamaniles y los objetos de cer\u00e1mica renacentista italiana, as\u00ed como ejemplares de cer\u00e1mica espa\u00f1ola, francesa, holandesa, suiza, persa, china y precolombina.\",\"breadcrumb\":{\"@id\":\"https:\/\/www.fundaciomascort.com\/es\/publicacion\/en-busca-de-la-belleza\/#breadcrumb\"},\"inLanguage\":\"es\",\"potentialAction\":[{\"@type\":\"ReadAction\",\"target\":[\"https:\/\/www.fundaciomascort.com\/es\/publicacion\/en-busca-de-la-belleza\/\"]}]},{\"@type\":\"ImageObject\",\"inLanguage\":\"es\",\"@id\":\"https:\/\/www.fundaciomascort.com\/es\/publicacion\/en-busca-de-la-belleza\/#primaryimage\",\"url\":\"https:\/\/www.fundaciomascort.com\/wp-content\/uploads\/2023\/06\/Coberta-busca-belleza.jpg\",\"contentUrl\":\"https:\/\/www.fundaciomascort.com\/wp-content\/uploads\/2023\/06\/Coberta-busca-belleza.jpg\",\"width\":600,\"height\":809},{\"@type\":\"BreadcrumbList\",\"@id\":\"https:\/\/www.fundaciomascort.com\/es\/publicacion\/en-busca-de-la-belleza\/#breadcrumb\",\"itemListElement\":[{\"@type\":\"ListItem\",\"position\":1,\"name\":\"Home\",\"item\":\"https:\/\/www.fundaciomascort.com\/es\/\"},{\"@type\":\"ListItem\",\"position\":2,\"name\":\"Publicaciones\",\"item\":\"https:\/\/www.fundaciomascort.com\/es\/publicacions\/\"},{\"@type\":\"ListItem\",\"position\":3,\"name\":\"En busca de la belleza\"}]},{\"@type\":\"WebSite\",\"@id\":\"https:\/\/www.fundaciomascort.com\/es\/#website\",\"url\":\"https:\/\/www.fundaciomascort.com\/es\/\",\"name\":\"Fundaci\u00f3 Mascort\",\"description\":\"Esperem que compartiu amb nosaltres les exposicions de la Casa Galibern i les nostres publicacions.\",\"potentialAction\":[{\"@type\":\"SearchAction\",\"target\":{\"@type\":\"EntryPoint\",\"urlTemplate\":\"https:\/\/www.fundaciomascort.com\/es\/?s={search_term_string}\"},\"query-input\":{\"@type\":\"PropertyValueSpecification\",\"valueRequired\":true,\"valueName\":\"search_term_string\"}}],\"inLanguage\":\"es\"}]}<\/script>\n<!-- \/ Yoast SEO plugin. -->","yoast_head_json":{"title":"En busca de la belleza - Fundaci\u00f3 Mascort","description":"El cat\u00e1logo, que acompa\u00f1\u00f3 la exposici\u00f3n \"A la recerca de la bellesa. La col\u00b7lecci\u00f3 de cer\u00e0mica d'Ignacio Brugarolas\", re\u00fane una cuidadosa selecci\u00f3n de cer\u00e1mica de la colecci\u00f3n de Ignacio Brugarolas, en la que destacan los paneles de azulejos catalanes, los aguamaniles y los objetos de cer\u00e1mica renacentista italiana, as\u00ed como ejemplares de cer\u00e1mica espa\u00f1ola, francesa, holandesa, suiza, persa, china y precolombina.","robots":{"index":"index","follow":"follow","max-snippet":"max-snippet:-1","max-image-preview":"max-image-preview:large","max-video-preview":"max-video-preview:-1"},"canonical":"https:\/\/www.fundaciomascort.com\/es\/publicacion\/en-busca-de-la-belleza\/","og_locale":"es_ES","og_type":"article","og_title":"En busca de la belleza - Fundaci\u00f3 Mascort","og_description":"El cat\u00e1logo, que acompa\u00f1\u00f3 la exposici\u00f3n \"A la recerca de la bellesa. La col\u00b7lecci\u00f3 de cer\u00e0mica d'Ignacio Brugarolas\", re\u00fane una cuidadosa selecci\u00f3n de cer\u00e1mica de la colecci\u00f3n de Ignacio Brugarolas, en la que destacan los paneles de azulejos catalanes, los aguamaniles y los objetos de cer\u00e1mica renacentista italiana, as\u00ed como ejemplares de cer\u00e1mica espa\u00f1ola, francesa, holandesa, suiza, persa, china y precolombina.","og_url":"https:\/\/www.fundaciomascort.com\/es\/publicacion\/en-busca-de-la-belleza\/","og_site_name":"Fundaci\u00f3 Mascort","article_publisher":"https:\/\/www.facebook.com\/fundaciomascort","article_modified_time":"2024-09-27T14:46:21+00:00","og_image":[{"width":600,"height":809,"url":"https:\/\/www.fundaciomascort.com\/wp-content\/uploads\/2023\/06\/Coberta-busca-belleza.jpg","type":"image\/jpeg"}],"twitter_card":"summary_large_image","twitter_site":"@fundaciomascort","twitter_misc":{"Tiempo de lectura":"1 minuto"},"schema":{"@context":"https:\/\/schema.org","@graph":[{"@type":"WebPage","@id":"https:\/\/www.fundaciomascort.com\/es\/publicacion\/en-busca-de-la-belleza\/","url":"https:\/\/www.fundaciomascort.com\/es\/publicacion\/en-busca-de-la-belleza\/","name":"En busca de la belleza - Fundaci\u00f3 Mascort","isPartOf":{"@id":"https:\/\/www.fundaciomascort.com\/es\/#website"},"primaryImageOfPage":{"@id":"https:\/\/www.fundaciomascort.com\/es\/publicacion\/en-busca-de-la-belleza\/#primaryimage"},"image":{"@id":"https:\/\/www.fundaciomascort.com\/es\/publicacion\/en-busca-de-la-belleza\/#primaryimage"},"thumbnailUrl":"https:\/\/www.fundaciomascort.com\/wp-content\/uploads\/2023\/06\/Coberta-busca-belleza.jpg","datePublished":"2023-06-20T08:43:06+00:00","dateModified":"2024-09-27T14:46:21+00:00","description":"El cat\u00e1logo, que acompa\u00f1\u00f3 la exposici\u00f3n \"A la recerca de la bellesa. La col\u00b7lecci\u00f3 de cer\u00e0mica d'Ignacio Brugarolas\", re\u00fane una cuidadosa selecci\u00f3n de cer\u00e1mica de la colecci\u00f3n de Ignacio Brugarolas, en la que destacan los paneles de azulejos catalanes, los aguamaniles y los objetos de cer\u00e1mica renacentista italiana, as\u00ed como ejemplares de cer\u00e1mica espa\u00f1ola, francesa, holandesa, suiza, persa, china y precolombina.","breadcrumb":{"@id":"https:\/\/www.fundaciomascort.com\/es\/publicacion\/en-busca-de-la-belleza\/#breadcrumb"},"inLanguage":"es","potentialAction":[{"@type":"ReadAction","target":["https:\/\/www.fundaciomascort.com\/es\/publicacion\/en-busca-de-la-belleza\/"]}]},{"@type":"ImageObject","inLanguage":"es","@id":"https:\/\/www.fundaciomascort.com\/es\/publicacion\/en-busca-de-la-belleza\/#primaryimage","url":"https:\/\/www.fundaciomascort.com\/wp-content\/uploads\/2023\/06\/Coberta-busca-belleza.jpg","contentUrl":"https:\/\/www.fundaciomascort.com\/wp-content\/uploads\/2023\/06\/Coberta-busca-belleza.jpg","width":600,"height":809},{"@type":"BreadcrumbList","@id":"https:\/\/www.fundaciomascort.com\/es\/publicacion\/en-busca-de-la-belleza\/#breadcrumb","itemListElement":[{"@type":"ListItem","position":1,"name":"Home","item":"https:\/\/www.fundaciomascort.com\/es\/"},{"@type":"ListItem","position":2,"name":"Publicaciones","item":"https:\/\/www.fundaciomascort.com\/es\/publicacions\/"},{"@type":"ListItem","position":3,"name":"En busca de la belleza"}]},{"@type":"WebSite","@id":"https:\/\/www.fundaciomascort.com\/es\/#website","url":"https:\/\/www.fundaciomascort.com\/es\/","name":"Fundaci\u00f3 Mascort","description":"Esperem que compartiu amb nosaltres les exposicions de la Casa Galibern i les nostres publicacions.","potentialAction":[{"@type":"SearchAction","target":{"@type":"EntryPoint","urlTemplate":"https:\/\/www.fundaciomascort.com\/es\/?s={search_term_string}"},"query-input":{"@type":"PropertyValueSpecification","valueRequired":true,"valueName":"search_term_string"}}],"inLanguage":"es"}]}},"_links":{"self":[{"href":"https:\/\/www.fundaciomascort.com\/es\/wp-json\/wp\/v2\/product\/14820"}],"collection":[{"href":"https:\/\/www.fundaciomascort.com\/es\/wp-json\/wp\/v2\/product"}],"about":[{"href":"https:\/\/www.fundaciomascort.com\/es\/wp-json\/wp\/v2\/types\/product"}],"wp:featuredmedia":[{"embeddable":true,"href":"https:\/\/www.fundaciomascort.com\/es\/wp-json\/wp\/v2\/media\/14825"}],"wp:attachment":[{"href":"https:\/\/www.fundaciomascort.com\/es\/wp-json\/wp\/v2\/media?parent=14820"}],"wp:term":[{"taxonomy":"product_brand","embeddable":true,"href":"https:\/\/www.fundaciomascort.com\/es\/wp-json\/wp\/v2\/product_brand?post=14820"},{"taxonomy":"product_cat","embeddable":true,"href":"https:\/\/www.fundaciomascort.com\/es\/wp-json\/wp\/v2\/product_cat?post=14820"},{"taxonomy":"product_tag","embeddable":true,"href":"https:\/\/www.fundaciomascort.com\/es\/wp-json\/wp\/v2\/product_tag?post=14820"}],"curies":[{"name":"wp","href":"https:\/\/api.w.org\/{rel}","templated":true}]}}