{"id":11478,"date":"2020-03-19T05:08:14","date_gmt":"2020-03-19T05:08:14","guid":{"rendered":"https:\/\/www.fundaciomascort.com\/publicacio\/ceramica-heraldica\/"},"modified":"2025-03-26T12:29:05","modified_gmt":"2025-03-26T12:29:05","slug":"ceramica-heraldica","status":"publish","type":"product","link":"https:\/\/www.fundaciomascort.com\/es\/publicacion\/ceramica-heraldica\/","title":{"rendered":"Cer\u00e0mica Her\u00e0ldica"},"content":{"rendered":"<p><em>Cer\u00e1mica Her\u00e1ldica de la Colecci\u00f3n Mascort y del Museo de Cer\u00e0mica de Barcelona<\/em> es el cat\u00e1logo que acompa\u00f1a la exposici\u00f3n hom\u00f3nima,\u00a0 celebrada del 15 de junio al 13 de octubre de 2013, en la Casa Galibern, sede de la Fundaci\u00f3n Mascort. Contiene las explicaciones e im\u00e1genes de 200 piezas procedentes de ambas colecciones, muchas de ellas expuestas por primera vez, en la tambi\u00e9n primera exposici\u00f3n de cer\u00e1mica her\u00e1ldica celebrada hasta la fecha de hoy en Catalu\u00f1a o en otras zonas de Espa\u00f1a. Adem\u00e1s, los textos introductorios del cat\u00e1logo nos ayudan a comprender, de forma muy cercana, la evoluci\u00f3n del lenguaje y los c\u00f3digos de los escudos de armas civiles, eclesi\u00e1sticos, nobles y reales en estas piezas, \u00fanicas e irrepetibles, desde el siglo XIV hasta el siglo XVIII. Se trata de un cat\u00e1logo esencial para todos los que aprecien la cer\u00e1mica, el mundo de la her\u00e1ldica y el arte, testigo de nuestra Historia.<\/p>\n","protected":false},"excerpt":{"rendered":"<p>Cer\u00e1mica Her\u00e1ldica de la Colecci\u00f3n Mascort y del Museo de Cer\u00e0mica de Barcelona es el cat\u00e1logo que acompa\u00f1a la exposici\u00f3n hom\u00f3nima,\u00a0 celebrada del 15 de junio al 13 de octubre de 2013, en la Casa Galibern, sede de la Fundaci\u00f3n Mascort. Contiene las explicaciones e im\u00e1genes de 200 piezas procedentes de ambas colecciones, muchas de [&hellip;]<\/p>\n","protected":false},"featured_media":9592,"template":"","meta":{"_acf_changed":false},"product_brand":[],"product_cat":[40],"product_tag":[],"class_list":{"0":"post-11478","1":"product","2":"type-product","3":"status-publish","4":"has-post-thumbnail","6":"product_cat-sense-categoria-es","8":"first","9":"instock","10":"taxable","11":"shipping-taxable","12":"purchasable","13":"product-type-simple"},"acf":[],"yoast_head":"<!-- This site is optimized with the Yoast SEO plugin v25.6 - https:\/\/yoast.com\/wordpress\/plugins\/seo\/ -->\n<title>Cer\u00e0mica Her\u00e0ldica - Fundaci\u00f3 Mascort<\/title>\n<meta name=\"description\" content=\"Cer\u00e1mica Her\u00e1ldica de la Colecci\u00f3n Mascort y del Museo de Cer\u00e0mica de Barcelona es el cat\u00e1logo que acompa\u00f1a la exposici\u00f3n hom\u00f3nima,\u00a0 celebrada del 15 de junio al 13 de octubre de 2013, en la Casa Galibern, sede de la Fundaci\u00f3n Mascort. Contiene las explicaciones e im\u00e1genes de 200 piezas procedentes de ambas colecciones, muchas de ellas expuestas por primera vez, en la tambi\u00e9n primera exposici\u00f3n de cer\u00e1mica her\u00e1ldica celebrada hasta la fecha de hoy en Catalu\u00f1a o en otras zonas de Espa\u00f1a. Adem\u00e1s, los textos introductorios del cat\u00e1logo nos ayudan a comprender, de forma muy cercana, la evoluci\u00f3n del lenguaje y los c\u00f3digos de los escudos de armas civiles, eclesi\u00e1sticos, nobles y reales en estas piezas, \u00fanicas e irrepetibles, desde el siglo XIV hasta el siglo XVIII. Se trata de un cat\u00e1logo esencial para todos los que aprecien la cer\u00e1mica, el mundo de la her\u00e1ldica y el arte, testigo de nuestra Historia.\" \/>\n<meta name=\"robots\" content=\"index, follow, max-snippet:-1, max-image-preview:large, max-video-preview:-1\" \/>\n<link rel=\"canonical\" href=\"https:\/\/www.fundaciomascort.com\/es\/publicacion\/ceramica-heraldica\/\" \/>\n<meta property=\"og:locale\" content=\"es_ES\" \/>\n<meta property=\"og:type\" content=\"article\" \/>\n<meta property=\"og:title\" content=\"Cer\u00e0mica Her\u00e0ldica - Fundaci\u00f3 Mascort\" \/>\n<meta property=\"og:description\" content=\"Cer\u00e1mica Her\u00e1ldica de la Colecci\u00f3n Mascort y del Museo de Cer\u00e0mica de Barcelona es el cat\u00e1logo que acompa\u00f1a la exposici\u00f3n hom\u00f3nima,\u00a0 celebrada del 15 de junio al 13 de octubre de 2013, en la Casa Galibern, sede de la Fundaci\u00f3n Mascort. Contiene las explicaciones e im\u00e1genes de 200 piezas procedentes de ambas colecciones, muchas de ellas expuestas por primera vez, en la tambi\u00e9n primera exposici\u00f3n de cer\u00e1mica her\u00e1ldica celebrada hasta la fecha de hoy en Catalu\u00f1a o en otras zonas de Espa\u00f1a. Adem\u00e1s, los textos introductorios del cat\u00e1logo nos ayudan a comprender, de forma muy cercana, la evoluci\u00f3n del lenguaje y los c\u00f3digos de los escudos de armas civiles, eclesi\u00e1sticos, nobles y reales en estas piezas, \u00fanicas e irrepetibles, desde el siglo XIV hasta el siglo XVIII. Se trata de un cat\u00e1logo esencial para todos los que aprecien la cer\u00e1mica, el mundo de la her\u00e1ldica y el arte, testigo de nuestra Historia.\" \/>\n<meta property=\"og:url\" content=\"https:\/\/www.fundaciomascort.com\/es\/publicacion\/ceramica-heraldica\/\" \/>\n<meta property=\"og:site_name\" content=\"Fundaci\u00f3 Mascort\" \/>\n<meta property=\"article:publisher\" content=\"https:\/\/www.facebook.com\/fundaciomascort\" \/>\n<meta property=\"article:modified_time\" content=\"2025-03-26T12:29:05+00:00\" \/>\n<meta property=\"og:image\" content=\"https:\/\/www.fundaciomascort.com\/wp-content\/uploads\/2020\/03\/Coberta-Ceramica-heraldica.jpg\" \/>\n\t<meta property=\"og:image:width\" content=\"595\" \/>\n\t<meta property=\"og:image:height\" content=\"709\" \/>\n\t<meta property=\"og:image:type\" content=\"image\/jpeg\" \/>\n<meta name=\"twitter:card\" content=\"summary_large_image\" \/>\n<meta name=\"twitter:site\" content=\"@fundaciomascort\" \/>\n<meta name=\"twitter:label1\" content=\"Tiempo de lectura\" \/>\n\t<meta name=\"twitter:data1\" content=\"2 minutos\" \/>\n<script type=\"application\/ld+json\" class=\"yoast-schema-graph\">{\"@context\":\"https:\/\/schema.org\",\"@graph\":[{\"@type\":\"WebPage\",\"@id\":\"https:\/\/www.fundaciomascort.com\/es\/publicacion\/ceramica-heraldica\/\",\"url\":\"https:\/\/www.fundaciomascort.com\/es\/publicacion\/ceramica-heraldica\/\",\"name\":\"Cer\u00e0mica Her\u00e0ldica - Fundaci\u00f3 Mascort\",\"isPartOf\":{\"@id\":\"https:\/\/www.fundaciomascort.com\/es\/#website\"},\"primaryImageOfPage\":{\"@id\":\"https:\/\/www.fundaciomascort.com\/es\/publicacion\/ceramica-heraldica\/#primaryimage\"},\"image\":{\"@id\":\"https:\/\/www.fundaciomascort.com\/es\/publicacion\/ceramica-heraldica\/#primaryimage\"},\"thumbnailUrl\":\"https:\/\/www.fundaciomascort.com\/wp-content\/uploads\/2020\/03\/Coberta-Ceramica-heraldica.jpg\",\"datePublished\":\"2020-03-19T05:08:14+00:00\",\"dateModified\":\"2025-03-26T12:29:05+00:00\",\"description\":\"Cer\u00e1mica Her\u00e1ldica de la Colecci\u00f3n Mascort y del Museo de Cer\u00e0mica de Barcelona es el cat\u00e1logo que acompa\u00f1a la exposici\u00f3n hom\u00f3nima,\u00a0 celebrada del 15 de junio al 13 de octubre de 2013, en la Casa Galibern, sede de la Fundaci\u00f3n Mascort. Contiene las explicaciones e im\u00e1genes de 200 piezas procedentes de ambas colecciones, muchas de ellas expuestas por primera vez, en la tambi\u00e9n primera exposici\u00f3n de cer\u00e1mica her\u00e1ldica celebrada hasta la fecha de hoy en Catalu\u00f1a o en otras zonas de Espa\u00f1a. Adem\u00e1s, los textos introductorios del cat\u00e1logo nos ayudan a comprender, de forma muy cercana, la evoluci\u00f3n del lenguaje y los c\u00f3digos de los escudos de armas civiles, eclesi\u00e1sticos, nobles y reales en estas piezas, \u00fanicas e irrepetibles, desde el siglo XIV hasta el siglo XVIII. Se trata de un cat\u00e1logo esencial para todos los que aprecien la cer\u00e1mica, el mundo de la her\u00e1ldica y el arte, testigo de nuestra Historia.\",\"breadcrumb\":{\"@id\":\"https:\/\/www.fundaciomascort.com\/es\/publicacion\/ceramica-heraldica\/#breadcrumb\"},\"inLanguage\":\"es\",\"potentialAction\":[{\"@type\":\"ReadAction\",\"target\":[\"https:\/\/www.fundaciomascort.com\/es\/publicacion\/ceramica-heraldica\/\"]}]},{\"@type\":\"ImageObject\",\"inLanguage\":\"es\",\"@id\":\"https:\/\/www.fundaciomascort.com\/es\/publicacion\/ceramica-heraldica\/#primaryimage\",\"url\":\"https:\/\/www.fundaciomascort.com\/wp-content\/uploads\/2020\/03\/Coberta-Ceramica-heraldica.jpg\",\"contentUrl\":\"https:\/\/www.fundaciomascort.com\/wp-content\/uploads\/2020\/03\/Coberta-Ceramica-heraldica.jpg\",\"width\":595,\"height\":709},{\"@type\":\"BreadcrumbList\",\"@id\":\"https:\/\/www.fundaciomascort.com\/es\/publicacion\/ceramica-heraldica\/#breadcrumb\",\"itemListElement\":[{\"@type\":\"ListItem\",\"position\":1,\"name\":\"Home\",\"item\":\"https:\/\/www.fundaciomascort.com\/es\/\"},{\"@type\":\"ListItem\",\"position\":2,\"name\":\"Publicaciones\",\"item\":\"https:\/\/www.fundaciomascort.com\/es\/publicacions\/\"},{\"@type\":\"ListItem\",\"position\":3,\"name\":\"Cer\u00e0mica Her\u00e0ldica\"}]},{\"@type\":\"WebSite\",\"@id\":\"https:\/\/www.fundaciomascort.com\/es\/#website\",\"url\":\"https:\/\/www.fundaciomascort.com\/es\/\",\"name\":\"Fundaci\u00f3 Mascort\",\"description\":\"Esperem que compartiu amb nosaltres les exposicions de la Casa Galibern i les nostres publicacions.\",\"potentialAction\":[{\"@type\":\"SearchAction\",\"target\":{\"@type\":\"EntryPoint\",\"urlTemplate\":\"https:\/\/www.fundaciomascort.com\/es\/?s={search_term_string}\"},\"query-input\":{\"@type\":\"PropertyValueSpecification\",\"valueRequired\":true,\"valueName\":\"search_term_string\"}}],\"inLanguage\":\"es\"}]}<\/script>\n<!-- \/ Yoast SEO plugin. -->","yoast_head_json":{"title":"Cer\u00e0mica Her\u00e0ldica - Fundaci\u00f3 Mascort","description":"Cer\u00e1mica Her\u00e1ldica de la Colecci\u00f3n Mascort y del Museo de Cer\u00e0mica de Barcelona es el cat\u00e1logo que acompa\u00f1a la exposici\u00f3n hom\u00f3nima,\u00a0 celebrada del 15 de junio al 13 de octubre de 2013, en la Casa Galibern, sede de la Fundaci\u00f3n Mascort. Contiene las explicaciones e im\u00e1genes de 200 piezas procedentes de ambas colecciones, muchas de ellas expuestas por primera vez, en la tambi\u00e9n primera exposici\u00f3n de cer\u00e1mica her\u00e1ldica celebrada hasta la fecha de hoy en Catalu\u00f1a o en otras zonas de Espa\u00f1a. Adem\u00e1s, los textos introductorios del cat\u00e1logo nos ayudan a comprender, de forma muy cercana, la evoluci\u00f3n del lenguaje y los c\u00f3digos de los escudos de armas civiles, eclesi\u00e1sticos, nobles y reales en estas piezas, \u00fanicas e irrepetibles, desde el siglo XIV hasta el siglo XVIII. Se trata de un cat\u00e1logo esencial para todos los que aprecien la cer\u00e1mica, el mundo de la her\u00e1ldica y el arte, testigo de nuestra Historia.","robots":{"index":"index","follow":"follow","max-snippet":"max-snippet:-1","max-image-preview":"max-image-preview:large","max-video-preview":"max-video-preview:-1"},"canonical":"https:\/\/www.fundaciomascort.com\/es\/publicacion\/ceramica-heraldica\/","og_locale":"es_ES","og_type":"article","og_title":"Cer\u00e0mica Her\u00e0ldica - Fundaci\u00f3 Mascort","og_description":"Cer\u00e1mica Her\u00e1ldica de la Colecci\u00f3n Mascort y del Museo de Cer\u00e0mica de Barcelona es el cat\u00e1logo que acompa\u00f1a la exposici\u00f3n hom\u00f3nima,\u00a0 celebrada del 15 de junio al 13 de octubre de 2013, en la Casa Galibern, sede de la Fundaci\u00f3n Mascort. Contiene las explicaciones e im\u00e1genes de 200 piezas procedentes de ambas colecciones, muchas de ellas expuestas por primera vez, en la tambi\u00e9n primera exposici\u00f3n de cer\u00e1mica her\u00e1ldica celebrada hasta la fecha de hoy en Catalu\u00f1a o en otras zonas de Espa\u00f1a. Adem\u00e1s, los textos introductorios del cat\u00e1logo nos ayudan a comprender, de forma muy cercana, la evoluci\u00f3n del lenguaje y los c\u00f3digos de los escudos de armas civiles, eclesi\u00e1sticos, nobles y reales en estas piezas, \u00fanicas e irrepetibles, desde el siglo XIV hasta el siglo XVIII. Se trata de un cat\u00e1logo esencial para todos los que aprecien la cer\u00e1mica, el mundo de la her\u00e1ldica y el arte, testigo de nuestra Historia.","og_url":"https:\/\/www.fundaciomascort.com\/es\/publicacion\/ceramica-heraldica\/","og_site_name":"Fundaci\u00f3 Mascort","article_publisher":"https:\/\/www.facebook.com\/fundaciomascort","article_modified_time":"2025-03-26T12:29:05+00:00","og_image":[{"width":595,"height":709,"url":"https:\/\/www.fundaciomascort.com\/wp-content\/uploads\/2020\/03\/Coberta-Ceramica-heraldica.jpg","type":"image\/jpeg"}],"twitter_card":"summary_large_image","twitter_site":"@fundaciomascort","twitter_misc":{"Tiempo de lectura":"2 minutos"},"schema":{"@context":"https:\/\/schema.org","@graph":[{"@type":"WebPage","@id":"https:\/\/www.fundaciomascort.com\/es\/publicacion\/ceramica-heraldica\/","url":"https:\/\/www.fundaciomascort.com\/es\/publicacion\/ceramica-heraldica\/","name":"Cer\u00e0mica Her\u00e0ldica - Fundaci\u00f3 Mascort","isPartOf":{"@id":"https:\/\/www.fundaciomascort.com\/es\/#website"},"primaryImageOfPage":{"@id":"https:\/\/www.fundaciomascort.com\/es\/publicacion\/ceramica-heraldica\/#primaryimage"},"image":{"@id":"https:\/\/www.fundaciomascort.com\/es\/publicacion\/ceramica-heraldica\/#primaryimage"},"thumbnailUrl":"https:\/\/www.fundaciomascort.com\/wp-content\/uploads\/2020\/03\/Coberta-Ceramica-heraldica.jpg","datePublished":"2020-03-19T05:08:14+00:00","dateModified":"2025-03-26T12:29:05+00:00","description":"Cer\u00e1mica Her\u00e1ldica de la Colecci\u00f3n Mascort y del Museo de Cer\u00e0mica de Barcelona es el cat\u00e1logo que acompa\u00f1a la exposici\u00f3n hom\u00f3nima,\u00a0 celebrada del 15 de junio al 13 de octubre de 2013, en la Casa Galibern, sede de la Fundaci\u00f3n Mascort. Contiene las explicaciones e im\u00e1genes de 200 piezas procedentes de ambas colecciones, muchas de ellas expuestas por primera vez, en la tambi\u00e9n primera exposici\u00f3n de cer\u00e1mica her\u00e1ldica celebrada hasta la fecha de hoy en Catalu\u00f1a o en otras zonas de Espa\u00f1a. Adem\u00e1s, los textos introductorios del cat\u00e1logo nos ayudan a comprender, de forma muy cercana, la evoluci\u00f3n del lenguaje y los c\u00f3digos de los escudos de armas civiles, eclesi\u00e1sticos, nobles y reales en estas piezas, \u00fanicas e irrepetibles, desde el siglo XIV hasta el siglo XVIII. Se trata de un cat\u00e1logo esencial para todos los que aprecien la cer\u00e1mica, el mundo de la her\u00e1ldica y el arte, testigo de nuestra Historia.","breadcrumb":{"@id":"https:\/\/www.fundaciomascort.com\/es\/publicacion\/ceramica-heraldica\/#breadcrumb"},"inLanguage":"es","potentialAction":[{"@type":"ReadAction","target":["https:\/\/www.fundaciomascort.com\/es\/publicacion\/ceramica-heraldica\/"]}]},{"@type":"ImageObject","inLanguage":"es","@id":"https:\/\/www.fundaciomascort.com\/es\/publicacion\/ceramica-heraldica\/#primaryimage","url":"https:\/\/www.fundaciomascort.com\/wp-content\/uploads\/2020\/03\/Coberta-Ceramica-heraldica.jpg","contentUrl":"https:\/\/www.fundaciomascort.com\/wp-content\/uploads\/2020\/03\/Coberta-Ceramica-heraldica.jpg","width":595,"height":709},{"@type":"BreadcrumbList","@id":"https:\/\/www.fundaciomascort.com\/es\/publicacion\/ceramica-heraldica\/#breadcrumb","itemListElement":[{"@type":"ListItem","position":1,"name":"Home","item":"https:\/\/www.fundaciomascort.com\/es\/"},{"@type":"ListItem","position":2,"name":"Publicaciones","item":"https:\/\/www.fundaciomascort.com\/es\/publicacions\/"},{"@type":"ListItem","position":3,"name":"Cer\u00e0mica Her\u00e0ldica"}]},{"@type":"WebSite","@id":"https:\/\/www.fundaciomascort.com\/es\/#website","url":"https:\/\/www.fundaciomascort.com\/es\/","name":"Fundaci\u00f3 Mascort","description":"Esperem que compartiu amb nosaltres les exposicions de la Casa Galibern i les nostres publicacions.","potentialAction":[{"@type":"SearchAction","target":{"@type":"EntryPoint","urlTemplate":"https:\/\/www.fundaciomascort.com\/es\/?s={search_term_string}"},"query-input":{"@type":"PropertyValueSpecification","valueRequired":true,"valueName":"search_term_string"}}],"inLanguage":"es"}]}},"_links":{"self":[{"href":"https:\/\/www.fundaciomascort.com\/es\/wp-json\/wp\/v2\/product\/11478"}],"collection":[{"href":"https:\/\/www.fundaciomascort.com\/es\/wp-json\/wp\/v2\/product"}],"about":[{"href":"https:\/\/www.fundaciomascort.com\/es\/wp-json\/wp\/v2\/types\/product"}],"wp:featuredmedia":[{"embeddable":true,"href":"https:\/\/www.fundaciomascort.com\/es\/wp-json\/wp\/v2\/media\/9592"}],"wp:attachment":[{"href":"https:\/\/www.fundaciomascort.com\/es\/wp-json\/wp\/v2\/media?parent=11478"}],"wp:term":[{"taxonomy":"product_brand","embeddable":true,"href":"https:\/\/www.fundaciomascort.com\/es\/wp-json\/wp\/v2\/product_brand?post=11478"},{"taxonomy":"product_cat","embeddable":true,"href":"https:\/\/www.fundaciomascort.com\/es\/wp-json\/wp\/v2\/product_cat?post=11478"},{"taxonomy":"product_tag","embeddable":true,"href":"https:\/\/www.fundaciomascort.com\/es\/wp-json\/wp\/v2\/product_tag?post=11478"}],"curies":[{"name":"wp","href":"https:\/\/api.w.org\/{rel}","templated":true}]}}