{"id":11472,"date":"2020-03-19T05:08:13","date_gmt":"2020-03-19T05:08:13","guid":{"rendered":"https:\/\/www.fundaciomascort.com\/publicacio\/valenti-fargnoli-1885-1944\/"},"modified":"2024-04-29T00:01:02","modified_gmt":"2024-04-29T00:01:02","slug":"valenti-fargnoli-1885-1944","status":"publish","type":"product","link":"https:\/\/www.fundaciomascort.com\/es\/publicacion\/valenti-fargnoli-1885-1944\/","title":{"rendered":"Valent\u00ed Fargnoli (1885-1944)"},"content":{"rendered":"<p>Para mejor conocimiento de la colecci\u00f3n de im\u00e1genes de Valent\u00ed Fargnoli que custodia, la Fundaci\u00f3n Mascort ha editado un cat\u00e1logo con 536 fotograf\u00edas de la propia colecci\u00f3n (y 11 im\u00e1genes procedentes de otros archivos), de las que 288 son en suporte vidrio, y de \u00e9stas, 230 se consideran im\u00e1genes in\u00e9ditas, por no haberse localizado, a d\u00eda de hoy, ninguna otra copia entre los diferentes archivos y colecciones de fotograf\u00eda m\u00e1s importantes que custodian im\u00e1genes del fot\u00f3grafo.<\/p>\n<p>El fot\u00f3grafo Valent\u00ed Fargnoli se convirti\u00f3, con su t\u00e9cnica y sensibilidad, testigo de los primeros cuarenta a\u00f1os del siglo XX en la provincia de Girona, desplaz\u00e1ndose de pueblo en pueblo en bicicleta y c\u00e1mara a cuestas. Inmortaliz\u00f3 paisajes, pueblos y ciudades, retratos, oficios, industrias.Las im\u00e1genes incluidas en el cat\u00e1logo y la exposici\u00f3n abarcan sus a\u00f1os de actividad, de 1910 a 1944, y nos muestran desde el Fargnoli m\u00e1s art\u00edstico que fotografiaba para concursos, pasando por su faceta m\u00e1s reportera o documental, hasta el Fargnoli m\u00e1s vanguardista.<\/p>\n<p>El cat\u00e1logo est\u00e1 editado en catal\u00e1n e incluye el resumen de los textos en espa\u00f1ol, ingl\u00e9s y franc\u00e9s.<\/p>\n","protected":false},"excerpt":{"rendered":"<p>Para mejor conocimiento de la colecci\u00f3n de im\u00e1genes de Valent\u00ed Fargnoli que custodia, la Fundaci\u00f3n Mascort ha editado un cat\u00e1logo con 536 fotograf\u00edas de la propia colecci\u00f3n (y 11 im\u00e1genes procedentes de otros archivos), de las que 288 son en suporte vidrio, y de \u00e9stas, 230 se consideran im\u00e1genes in\u00e9ditas, por no haberse localizado, a [&hellip;]<\/p>\n","protected":false},"featured_media":9586,"template":"","meta":{"_acf_changed":false},"product_brand":[],"product_cat":[40],"product_tag":[],"class_list":{"0":"post-11472","1":"product","2":"type-product","3":"status-publish","4":"has-post-thumbnail","6":"product_cat-sense-categoria-es","8":"first","9":"instock","10":"taxable","11":"shipping-taxable","12":"purchasable","13":"product-type-simple"},"acf":[],"yoast_head":"<!-- This site is optimized with the Yoast SEO plugin v25.6 - https:\/\/yoast.com\/wordpress\/plugins\/seo\/ -->\n<title>Valent\u00ed Fargnoli (1885-1944) - Fundaci\u00f3 Mascort<\/title>\n<meta name=\"robots\" content=\"index, follow, max-snippet:-1, max-image-preview:large, max-video-preview:-1\" \/>\n<link rel=\"canonical\" href=\"https:\/\/www.fundaciomascort.com\/es\/publicacion\/valenti-fargnoli-1885-1944\/\" \/>\n<meta property=\"og:locale\" content=\"es_ES\" \/>\n<meta property=\"og:type\" content=\"article\" \/>\n<meta property=\"og:title\" content=\"Valent\u00ed Fargnoli (1885-1944) - Fundaci\u00f3 Mascort\" \/>\n<meta property=\"og:description\" content=\"Para mejor conocimiento de la colecci\u00f3n de im\u00e1genes de Valent\u00ed Fargnoli que custodia, la Fundaci\u00f3n Mascort ha editado un cat\u00e1logo con 536 fotograf\u00edas de la propia colecci\u00f3n (y 11 im\u00e1genes procedentes de otros archivos), de las que 288 son en suporte vidrio, y de \u00e9stas, 230 se consideran im\u00e1genes in\u00e9ditas, por no haberse localizado, a [&hellip;]\" \/>\n<meta property=\"og:url\" content=\"https:\/\/www.fundaciomascort.com\/es\/publicacion\/valenti-fargnoli-1885-1944\/\" \/>\n<meta property=\"og:site_name\" content=\"Fundaci\u00f3 Mascort\" \/>\n<meta property=\"article:publisher\" content=\"https:\/\/www.facebook.com\/fundaciomascort\" \/>\n<meta property=\"article:modified_time\" content=\"2024-04-29T00:01:02+00:00\" \/>\n<meta property=\"og:image\" content=\"https:\/\/www.fundaciomascort.com\/wp-content\/uploads\/2020\/03\/Coberta-Valenti-fargnoli.jpg\" \/>\n\t<meta property=\"og:image:width\" content=\"595\" \/>\n\t<meta property=\"og:image:height\" content=\"709\" \/>\n\t<meta property=\"og:image:type\" content=\"image\/jpeg\" \/>\n<meta name=\"twitter:card\" content=\"summary_large_image\" \/>\n<meta name=\"twitter:site\" content=\"@fundaciomascort\" \/>\n<meta name=\"twitter:label1\" content=\"Tiempo de lectura\" \/>\n\t<meta name=\"twitter:data1\" content=\"1 minuto\" \/>\n<script type=\"application\/ld+json\" class=\"yoast-schema-graph\">{\"@context\":\"https:\/\/schema.org\",\"@graph\":[{\"@type\":\"WebPage\",\"@id\":\"https:\/\/www.fundaciomascort.com\/es\/publicacion\/valenti-fargnoli-1885-1944\/\",\"url\":\"https:\/\/www.fundaciomascort.com\/es\/publicacion\/valenti-fargnoli-1885-1944\/\",\"name\":\"Valent\u00ed Fargnoli (1885-1944) - Fundaci\u00f3 Mascort\",\"isPartOf\":{\"@id\":\"https:\/\/www.fundaciomascort.com\/es\/#website\"},\"primaryImageOfPage\":{\"@id\":\"https:\/\/www.fundaciomascort.com\/es\/publicacion\/valenti-fargnoli-1885-1944\/#primaryimage\"},\"image\":{\"@id\":\"https:\/\/www.fundaciomascort.com\/es\/publicacion\/valenti-fargnoli-1885-1944\/#primaryimage\"},\"thumbnailUrl\":\"https:\/\/www.fundaciomascort.com\/wp-content\/uploads\/2020\/03\/Coberta-Valenti-fargnoli.jpg\",\"datePublished\":\"2020-03-19T05:08:13+00:00\",\"dateModified\":\"2024-04-29T00:01:02+00:00\",\"breadcrumb\":{\"@id\":\"https:\/\/www.fundaciomascort.com\/es\/publicacion\/valenti-fargnoli-1885-1944\/#breadcrumb\"},\"inLanguage\":\"es\",\"potentialAction\":[{\"@type\":\"ReadAction\",\"target\":[\"https:\/\/www.fundaciomascort.com\/es\/publicacion\/valenti-fargnoli-1885-1944\/\"]}]},{\"@type\":\"ImageObject\",\"inLanguage\":\"es\",\"@id\":\"https:\/\/www.fundaciomascort.com\/es\/publicacion\/valenti-fargnoli-1885-1944\/#primaryimage\",\"url\":\"https:\/\/www.fundaciomascort.com\/wp-content\/uploads\/2020\/03\/Coberta-Valenti-fargnoli.jpg\",\"contentUrl\":\"https:\/\/www.fundaciomascort.com\/wp-content\/uploads\/2020\/03\/Coberta-Valenti-fargnoli.jpg\",\"width\":595,\"height\":709},{\"@type\":\"BreadcrumbList\",\"@id\":\"https:\/\/www.fundaciomascort.com\/es\/publicacion\/valenti-fargnoli-1885-1944\/#breadcrumb\",\"itemListElement\":[{\"@type\":\"ListItem\",\"position\":1,\"name\":\"Home\",\"item\":\"https:\/\/www.fundaciomascort.com\/es\/\"},{\"@type\":\"ListItem\",\"position\":2,\"name\":\"Publicaciones\",\"item\":\"https:\/\/www.fundaciomascort.com\/es\/publicacions\/\"},{\"@type\":\"ListItem\",\"position\":3,\"name\":\"Valent\u00ed Fargnoli (1885-1944)\"}]},{\"@type\":\"WebSite\",\"@id\":\"https:\/\/www.fundaciomascort.com\/es\/#website\",\"url\":\"https:\/\/www.fundaciomascort.com\/es\/\",\"name\":\"Fundaci\u00f3 Mascort\",\"description\":\"Esperem que compartiu amb nosaltres les exposicions de la Casa Galibern i les nostres publicacions.\",\"potentialAction\":[{\"@type\":\"SearchAction\",\"target\":{\"@type\":\"EntryPoint\",\"urlTemplate\":\"https:\/\/www.fundaciomascort.com\/es\/?s={search_term_string}\"},\"query-input\":{\"@type\":\"PropertyValueSpecification\",\"valueRequired\":true,\"valueName\":\"search_term_string\"}}],\"inLanguage\":\"es\"}]}<\/script>\n<!-- \/ Yoast SEO plugin. -->","yoast_head_json":{"title":"Valent\u00ed Fargnoli (1885-1944) - Fundaci\u00f3 Mascort","robots":{"index":"index","follow":"follow","max-snippet":"max-snippet:-1","max-image-preview":"max-image-preview:large","max-video-preview":"max-video-preview:-1"},"canonical":"https:\/\/www.fundaciomascort.com\/es\/publicacion\/valenti-fargnoli-1885-1944\/","og_locale":"es_ES","og_type":"article","og_title":"Valent\u00ed Fargnoli (1885-1944) - Fundaci\u00f3 Mascort","og_description":"Para mejor conocimiento de la colecci\u00f3n de im\u00e1genes de Valent\u00ed Fargnoli que custodia, la Fundaci\u00f3n Mascort ha editado un cat\u00e1logo con 536 fotograf\u00edas de la propia colecci\u00f3n (y 11 im\u00e1genes procedentes de otros archivos), de las que 288 son en suporte vidrio, y de \u00e9stas, 230 se consideran im\u00e1genes in\u00e9ditas, por no haberse localizado, a [&hellip;]","og_url":"https:\/\/www.fundaciomascort.com\/es\/publicacion\/valenti-fargnoli-1885-1944\/","og_site_name":"Fundaci\u00f3 Mascort","article_publisher":"https:\/\/www.facebook.com\/fundaciomascort","article_modified_time":"2024-04-29T00:01:02+00:00","og_image":[{"width":595,"height":709,"url":"https:\/\/www.fundaciomascort.com\/wp-content\/uploads\/2020\/03\/Coberta-Valenti-fargnoli.jpg","type":"image\/jpeg"}],"twitter_card":"summary_large_image","twitter_site":"@fundaciomascort","twitter_misc":{"Tiempo de lectura":"1 minuto"},"schema":{"@context":"https:\/\/schema.org","@graph":[{"@type":"WebPage","@id":"https:\/\/www.fundaciomascort.com\/es\/publicacion\/valenti-fargnoli-1885-1944\/","url":"https:\/\/www.fundaciomascort.com\/es\/publicacion\/valenti-fargnoli-1885-1944\/","name":"Valent\u00ed Fargnoli (1885-1944) - Fundaci\u00f3 Mascort","isPartOf":{"@id":"https:\/\/www.fundaciomascort.com\/es\/#website"},"primaryImageOfPage":{"@id":"https:\/\/www.fundaciomascort.com\/es\/publicacion\/valenti-fargnoli-1885-1944\/#primaryimage"},"image":{"@id":"https:\/\/www.fundaciomascort.com\/es\/publicacion\/valenti-fargnoli-1885-1944\/#primaryimage"},"thumbnailUrl":"https:\/\/www.fundaciomascort.com\/wp-content\/uploads\/2020\/03\/Coberta-Valenti-fargnoli.jpg","datePublished":"2020-03-19T05:08:13+00:00","dateModified":"2024-04-29T00:01:02+00:00","breadcrumb":{"@id":"https:\/\/www.fundaciomascort.com\/es\/publicacion\/valenti-fargnoli-1885-1944\/#breadcrumb"},"inLanguage":"es","potentialAction":[{"@type":"ReadAction","target":["https:\/\/www.fundaciomascort.com\/es\/publicacion\/valenti-fargnoli-1885-1944\/"]}]},{"@type":"ImageObject","inLanguage":"es","@id":"https:\/\/www.fundaciomascort.com\/es\/publicacion\/valenti-fargnoli-1885-1944\/#primaryimage","url":"https:\/\/www.fundaciomascort.com\/wp-content\/uploads\/2020\/03\/Coberta-Valenti-fargnoli.jpg","contentUrl":"https:\/\/www.fundaciomascort.com\/wp-content\/uploads\/2020\/03\/Coberta-Valenti-fargnoli.jpg","width":595,"height":709},{"@type":"BreadcrumbList","@id":"https:\/\/www.fundaciomascort.com\/es\/publicacion\/valenti-fargnoli-1885-1944\/#breadcrumb","itemListElement":[{"@type":"ListItem","position":1,"name":"Home","item":"https:\/\/www.fundaciomascort.com\/es\/"},{"@type":"ListItem","position":2,"name":"Publicaciones","item":"https:\/\/www.fundaciomascort.com\/es\/publicacions\/"},{"@type":"ListItem","position":3,"name":"Valent\u00ed Fargnoli (1885-1944)"}]},{"@type":"WebSite","@id":"https:\/\/www.fundaciomascort.com\/es\/#website","url":"https:\/\/www.fundaciomascort.com\/es\/","name":"Fundaci\u00f3 Mascort","description":"Esperem que compartiu amb nosaltres les exposicions de la Casa Galibern i les nostres publicacions.","potentialAction":[{"@type":"SearchAction","target":{"@type":"EntryPoint","urlTemplate":"https:\/\/www.fundaciomascort.com\/es\/?s={search_term_string}"},"query-input":{"@type":"PropertyValueSpecification","valueRequired":true,"valueName":"search_term_string"}}],"inLanguage":"es"}]}},"_links":{"self":[{"href":"https:\/\/www.fundaciomascort.com\/es\/wp-json\/wp\/v2\/product\/11472"}],"collection":[{"href":"https:\/\/www.fundaciomascort.com\/es\/wp-json\/wp\/v2\/product"}],"about":[{"href":"https:\/\/www.fundaciomascort.com\/es\/wp-json\/wp\/v2\/types\/product"}],"wp:featuredmedia":[{"embeddable":true,"href":"https:\/\/www.fundaciomascort.com\/es\/wp-json\/wp\/v2\/media\/9586"}],"wp:attachment":[{"href":"https:\/\/www.fundaciomascort.com\/es\/wp-json\/wp\/v2\/media?parent=11472"}],"wp:term":[{"taxonomy":"product_brand","embeddable":true,"href":"https:\/\/www.fundaciomascort.com\/es\/wp-json\/wp\/v2\/product_brand?post=11472"},{"taxonomy":"product_cat","embeddable":true,"href":"https:\/\/www.fundaciomascort.com\/es\/wp-json\/wp\/v2\/product_cat?post=11472"},{"taxonomy":"product_tag","embeddable":true,"href":"https:\/\/www.fundaciomascort.com\/es\/wp-json\/wp\/v2\/product_tag?post=11472"}],"curies":[{"name":"wp","href":"https:\/\/api.w.org\/{rel}","templated":true}]}}