{"id":11469,"date":"2020-03-19T05:08:13","date_gmt":"2020-03-19T05:08:13","guid":{"rendered":"https:\/\/www.fundaciomascort.com\/publicacio\/azulejos-paneles-y-socarrats\/"},"modified":"2024-04-29T00:01:02","modified_gmt":"2024-04-29T00:01:02","slug":"azulejos-paneles-y-socarrats","status":"publish","type":"product","link":"https:\/\/www.fundaciomascort.com\/es\/publicacion\/azulejos-paneles-y-socarrats\/","title":{"rendered":"Azulejos, paneles y socarrats"},"content":{"rendered":"<p>Est\u00e1 integrado por m\u00e1s de 700 piezas. Incluye producciones medievales hasta piezas del siglo XX. Destacan el conjunto de azulejos elaborados en Manises durante los siglos XV y XVI, las series de azulejos \u201cde muestra\u201d catalanes y valencianos, los\u00a0<em>socarrats<\/em>\u00a0-entre los cuales despunta uno con la representaci\u00f3n de un centauro arquero, \u00fanico en su g\u00e9nero- as\u00ed como diversas placas de entrevigado, sin olvidar el espl\u00e9ndido conjunto de azulejos de\u00a0<em>oficis<\/em>\u00a0as\u00ed como los que muestran representaciones de nav\u00edos de los siglos XVII y XVIII. Entre las joyas de la colecci\u00f3n hay que hacer menci\u00f3n a los retablos devocionales, algunos de los cuales representan obras cumbre de la azulejer\u00eda catalana, aunque si hubiera que destacar alguna pieza, el panel que representa sitio de la ciudadela de Rosas, en 1645, ser\u00eda la elegida.<\/p>\n","protected":false},"excerpt":{"rendered":"<p>Est\u00e1 integrado por m\u00e1s de 700 piezas. Incluye producciones medievales hasta piezas del siglo XX. Destacan el conjunto de azulejos elaborados en Manises durante los siglos XV y XVI, las series de azulejos \u201cde muestra\u201d catalanes y valencianos, los\u00a0socarrats\u00a0-entre los cuales despunta uno con la representaci\u00f3n de un centauro arquero, \u00fanico en su g\u00e9nero- as\u00ed [&hellip;]<\/p>\n","protected":false},"featured_media":9583,"template":"","meta":{"_acf_changed":false},"product_brand":[],"product_cat":[40],"product_tag":[],"class_list":{"0":"post-11469","1":"product","2":"type-product","3":"status-publish","4":"has-post-thumbnail","6":"product_cat-sense-categoria-es","8":"first","9":"instock","10":"sale","11":"taxable","12":"shipping-taxable","13":"purchasable","14":"product-type-simple"},"acf":[],"yoast_head":"<!-- This site is optimized with the Yoast SEO plugin v25.6 - https:\/\/yoast.com\/wordpress\/plugins\/seo\/ -->\n<title>Azulejos, paneles y socarrats - Fundaci\u00f3 Mascort<\/title>\n<meta name=\"robots\" content=\"index, follow, max-snippet:-1, max-image-preview:large, max-video-preview:-1\" \/>\n<link rel=\"canonical\" href=\"https:\/\/www.fundaciomascort.com\/es\/publicacion\/azulejos-paneles-y-socarrats\/\" \/>\n<meta property=\"og:locale\" content=\"es_ES\" \/>\n<meta property=\"og:type\" content=\"article\" \/>\n<meta property=\"og:title\" content=\"Azulejos, paneles y socarrats - Fundaci\u00f3 Mascort\" \/>\n<meta property=\"og:description\" content=\"Est\u00e1 integrado por m\u00e1s de 700 piezas. Incluye producciones medievales hasta piezas del siglo XX. Destacan el conjunto de azulejos elaborados en Manises durante los siglos XV y XVI, las series de azulejos \u201cde muestra\u201d catalanes y valencianos, los\u00a0socarrats\u00a0-entre los cuales despunta uno con la representaci\u00f3n de un centauro arquero, \u00fanico en su g\u00e9nero- as\u00ed [&hellip;]\" \/>\n<meta property=\"og:url\" content=\"https:\/\/www.fundaciomascort.com\/es\/publicacion\/azulejos-paneles-y-socarrats\/\" \/>\n<meta property=\"og:site_name\" content=\"Fundaci\u00f3 Mascort\" \/>\n<meta property=\"article:publisher\" content=\"https:\/\/www.facebook.com\/fundaciomascort\" \/>\n<meta property=\"article:modified_time\" content=\"2024-04-29T00:01:02+00:00\" \/>\n<meta property=\"og:image\" content=\"https:\/\/www.fundaciomascort.com\/wp-content\/uploads\/2020\/03\/Coberta-Azulejos-Paneles.jpg\" \/>\n\t<meta property=\"og:image:width\" content=\"595\" \/>\n\t<meta property=\"og:image:height\" content=\"709\" \/>\n\t<meta property=\"og:image:type\" content=\"image\/jpeg\" \/>\n<meta name=\"twitter:card\" content=\"summary_large_image\" \/>\n<meta name=\"twitter:site\" content=\"@fundaciomascort\" \/>\n<meta name=\"twitter:label1\" content=\"Tiempo de lectura\" \/>\n\t<meta name=\"twitter:data1\" content=\"1 minuto\" \/>\n<script type=\"application\/ld+json\" class=\"yoast-schema-graph\">{\"@context\":\"https:\/\/schema.org\",\"@graph\":[{\"@type\":\"WebPage\",\"@id\":\"https:\/\/www.fundaciomascort.com\/es\/publicacion\/azulejos-paneles-y-socarrats\/\",\"url\":\"https:\/\/www.fundaciomascort.com\/es\/publicacion\/azulejos-paneles-y-socarrats\/\",\"name\":\"Azulejos, paneles y socarrats - Fundaci\u00f3 Mascort\",\"isPartOf\":{\"@id\":\"https:\/\/www.fundaciomascort.com\/es\/#website\"},\"primaryImageOfPage\":{\"@id\":\"https:\/\/www.fundaciomascort.com\/es\/publicacion\/azulejos-paneles-y-socarrats\/#primaryimage\"},\"image\":{\"@id\":\"https:\/\/www.fundaciomascort.com\/es\/publicacion\/azulejos-paneles-y-socarrats\/#primaryimage\"},\"thumbnailUrl\":\"https:\/\/www.fundaciomascort.com\/wp-content\/uploads\/2020\/03\/Coberta-Azulejos-Paneles.jpg\",\"datePublished\":\"2020-03-19T05:08:13+00:00\",\"dateModified\":\"2024-04-29T00:01:02+00:00\",\"breadcrumb\":{\"@id\":\"https:\/\/www.fundaciomascort.com\/es\/publicacion\/azulejos-paneles-y-socarrats\/#breadcrumb\"},\"inLanguage\":\"es\",\"potentialAction\":[{\"@type\":\"ReadAction\",\"target\":[\"https:\/\/www.fundaciomascort.com\/es\/publicacion\/azulejos-paneles-y-socarrats\/\"]}]},{\"@type\":\"ImageObject\",\"inLanguage\":\"es\",\"@id\":\"https:\/\/www.fundaciomascort.com\/es\/publicacion\/azulejos-paneles-y-socarrats\/#primaryimage\",\"url\":\"https:\/\/www.fundaciomascort.com\/wp-content\/uploads\/2020\/03\/Coberta-Azulejos-Paneles.jpg\",\"contentUrl\":\"https:\/\/www.fundaciomascort.com\/wp-content\/uploads\/2020\/03\/Coberta-Azulejos-Paneles.jpg\",\"width\":595,\"height\":709},{\"@type\":\"BreadcrumbList\",\"@id\":\"https:\/\/www.fundaciomascort.com\/es\/publicacion\/azulejos-paneles-y-socarrats\/#breadcrumb\",\"itemListElement\":[{\"@type\":\"ListItem\",\"position\":1,\"name\":\"Home\",\"item\":\"https:\/\/www.fundaciomascort.com\/es\/\"},{\"@type\":\"ListItem\",\"position\":2,\"name\":\"Publicaciones\",\"item\":\"https:\/\/www.fundaciomascort.com\/es\/publicacions\/\"},{\"@type\":\"ListItem\",\"position\":3,\"name\":\"Azulejos, paneles y socarrats\"}]},{\"@type\":\"WebSite\",\"@id\":\"https:\/\/www.fundaciomascort.com\/es\/#website\",\"url\":\"https:\/\/www.fundaciomascort.com\/es\/\",\"name\":\"Fundaci\u00f3 Mascort\",\"description\":\"Esperem que compartiu amb nosaltres les exposicions de la Casa Galibern i les nostres publicacions.\",\"potentialAction\":[{\"@type\":\"SearchAction\",\"target\":{\"@type\":\"EntryPoint\",\"urlTemplate\":\"https:\/\/www.fundaciomascort.com\/es\/?s={search_term_string}\"},\"query-input\":{\"@type\":\"PropertyValueSpecification\",\"valueRequired\":true,\"valueName\":\"search_term_string\"}}],\"inLanguage\":\"es\"}]}<\/script>\n<!-- \/ Yoast SEO plugin. -->","yoast_head_json":{"title":"Azulejos, paneles y socarrats - Fundaci\u00f3 Mascort","robots":{"index":"index","follow":"follow","max-snippet":"max-snippet:-1","max-image-preview":"max-image-preview:large","max-video-preview":"max-video-preview:-1"},"canonical":"https:\/\/www.fundaciomascort.com\/es\/publicacion\/azulejos-paneles-y-socarrats\/","og_locale":"es_ES","og_type":"article","og_title":"Azulejos, paneles y socarrats - Fundaci\u00f3 Mascort","og_description":"Est\u00e1 integrado por m\u00e1s de 700 piezas. Incluye producciones medievales hasta piezas del siglo XX. Destacan el conjunto de azulejos elaborados en Manises durante los siglos XV y XVI, las series de azulejos \u201cde muestra\u201d catalanes y valencianos, los\u00a0socarrats\u00a0-entre los cuales despunta uno con la representaci\u00f3n de un centauro arquero, \u00fanico en su g\u00e9nero- as\u00ed [&hellip;]","og_url":"https:\/\/www.fundaciomascort.com\/es\/publicacion\/azulejos-paneles-y-socarrats\/","og_site_name":"Fundaci\u00f3 Mascort","article_publisher":"https:\/\/www.facebook.com\/fundaciomascort","article_modified_time":"2024-04-29T00:01:02+00:00","og_image":[{"width":595,"height":709,"url":"https:\/\/www.fundaciomascort.com\/wp-content\/uploads\/2020\/03\/Coberta-Azulejos-Paneles.jpg","type":"image\/jpeg"}],"twitter_card":"summary_large_image","twitter_site":"@fundaciomascort","twitter_misc":{"Tiempo de lectura":"1 minuto"},"schema":{"@context":"https:\/\/schema.org","@graph":[{"@type":"WebPage","@id":"https:\/\/www.fundaciomascort.com\/es\/publicacion\/azulejos-paneles-y-socarrats\/","url":"https:\/\/www.fundaciomascort.com\/es\/publicacion\/azulejos-paneles-y-socarrats\/","name":"Azulejos, paneles y socarrats - Fundaci\u00f3 Mascort","isPartOf":{"@id":"https:\/\/www.fundaciomascort.com\/es\/#website"},"primaryImageOfPage":{"@id":"https:\/\/www.fundaciomascort.com\/es\/publicacion\/azulejos-paneles-y-socarrats\/#primaryimage"},"image":{"@id":"https:\/\/www.fundaciomascort.com\/es\/publicacion\/azulejos-paneles-y-socarrats\/#primaryimage"},"thumbnailUrl":"https:\/\/www.fundaciomascort.com\/wp-content\/uploads\/2020\/03\/Coberta-Azulejos-Paneles.jpg","datePublished":"2020-03-19T05:08:13+00:00","dateModified":"2024-04-29T00:01:02+00:00","breadcrumb":{"@id":"https:\/\/www.fundaciomascort.com\/es\/publicacion\/azulejos-paneles-y-socarrats\/#breadcrumb"},"inLanguage":"es","potentialAction":[{"@type":"ReadAction","target":["https:\/\/www.fundaciomascort.com\/es\/publicacion\/azulejos-paneles-y-socarrats\/"]}]},{"@type":"ImageObject","inLanguage":"es","@id":"https:\/\/www.fundaciomascort.com\/es\/publicacion\/azulejos-paneles-y-socarrats\/#primaryimage","url":"https:\/\/www.fundaciomascort.com\/wp-content\/uploads\/2020\/03\/Coberta-Azulejos-Paneles.jpg","contentUrl":"https:\/\/www.fundaciomascort.com\/wp-content\/uploads\/2020\/03\/Coberta-Azulejos-Paneles.jpg","width":595,"height":709},{"@type":"BreadcrumbList","@id":"https:\/\/www.fundaciomascort.com\/es\/publicacion\/azulejos-paneles-y-socarrats\/#breadcrumb","itemListElement":[{"@type":"ListItem","position":1,"name":"Home","item":"https:\/\/www.fundaciomascort.com\/es\/"},{"@type":"ListItem","position":2,"name":"Publicaciones","item":"https:\/\/www.fundaciomascort.com\/es\/publicacions\/"},{"@type":"ListItem","position":3,"name":"Azulejos, paneles y socarrats"}]},{"@type":"WebSite","@id":"https:\/\/www.fundaciomascort.com\/es\/#website","url":"https:\/\/www.fundaciomascort.com\/es\/","name":"Fundaci\u00f3 Mascort","description":"Esperem que compartiu amb nosaltres les exposicions de la Casa Galibern i les nostres publicacions.","potentialAction":[{"@type":"SearchAction","target":{"@type":"EntryPoint","urlTemplate":"https:\/\/www.fundaciomascort.com\/es\/?s={search_term_string}"},"query-input":{"@type":"PropertyValueSpecification","valueRequired":true,"valueName":"search_term_string"}}],"inLanguage":"es"}]}},"_links":{"self":[{"href":"https:\/\/www.fundaciomascort.com\/es\/wp-json\/wp\/v2\/product\/11469"}],"collection":[{"href":"https:\/\/www.fundaciomascort.com\/es\/wp-json\/wp\/v2\/product"}],"about":[{"href":"https:\/\/www.fundaciomascort.com\/es\/wp-json\/wp\/v2\/types\/product"}],"wp:featuredmedia":[{"embeddable":true,"href":"https:\/\/www.fundaciomascort.com\/es\/wp-json\/wp\/v2\/media\/9583"}],"wp:attachment":[{"href":"https:\/\/www.fundaciomascort.com\/es\/wp-json\/wp\/v2\/media?parent=11469"}],"wp:term":[{"taxonomy":"product_brand","embeddable":true,"href":"https:\/\/www.fundaciomascort.com\/es\/wp-json\/wp\/v2\/product_brand?post=11469"},{"taxonomy":"product_cat","embeddable":true,"href":"https:\/\/www.fundaciomascort.com\/es\/wp-json\/wp\/v2\/product_cat?post=11469"},{"taxonomy":"product_tag","embeddable":true,"href":"https:\/\/www.fundaciomascort.com\/es\/wp-json\/wp\/v2\/product_tag?post=11469"}],"curies":[{"name":"wp","href":"https:\/\/api.w.org\/{rel}","templated":true}]}}