{"id":12014,"date":"2020-08-11T14:01:46","date_gmt":"2020-08-11T14:01:46","guid":{"rendered":"https:\/\/www.fundaciomascort.com\/events\/exposicio-externa-la-ceramica-daurada-13-08-20-1930\/"},"modified":"2020-09-29T15:10:14","modified_gmt":"2020-09-29T15:10:14","slug":"exposicio-externa-la-ceramica-daurada-13-08-20-1930","status":"publish","type":"events","link":"https:\/\/www.fundaciomascort.com\/es\/actividades\/exposicio-externa-la-ceramica-daurada-13-08-20-1930\/","title":{"rendered":"Exposici\u00f3 externa \u00abLa cer\u00e0mica daurada\u00bb, 13\/08\/20 &#8211; 19:30"},"template":"","class_list":["post-12014","events","type-events","status-publish","hentry"],"acf":[],"yoast_head":"<!-- This site is optimized with the Yoast SEO plugin v25.6 - https:\/\/yoast.com\/wordpress\/plugins\/seo\/ -->\n<title>Exposici\u00f3 externa &quot;La cer\u00e0mica daurada&quot;, 13\/08\/20 - 19:30 - Fundaci\u00f3 Mascort<\/title>\n<meta name=\"description\" content=\"La cer\u00e0mica daurada o de reflexos met\u00e0l\u00b7lics \u00e9s un tipus de decoraci\u00f3 esmaltada amb efectes tornassolats produ\u00efts pels \u00f2xids met\u00e0l\u00b7lics aplicats sobre un esmalt ja cuit. Aquesta t\u00e8cnica t\u00e9 el seu origen dins el m\u00f3n isl\u00e0mic cap al segle IX a l\u2019actual Iraq, i es va estendre per la Pen\u00ednsula Ib\u00e8rica per Al-\u00c0ndalus, al segle XI, fins a Val\u00e8ncia, Catalunya i Arag\u00f3.\" \/>\n<meta name=\"robots\" content=\"index, follow, max-snippet:-1, max-image-preview:large, max-video-preview:-1\" \/>\n<link rel=\"canonical\" href=\"https:\/\/www.fundaciomascort.com\/es\/actividades\/exposicio-externa-la-ceramica-daurada-13-08-20-1930\/\" \/>\n<meta property=\"og:locale\" content=\"es_ES\" \/>\n<meta property=\"og:type\" content=\"article\" \/>\n<meta property=\"og:title\" content=\"Exposici\u00f3 externa &quot;La cer\u00e0mica daurada&quot;, 13\/08\/20 - 19:30 - Fundaci\u00f3 Mascort\" \/>\n<meta property=\"og:description\" content=\"La cer\u00e0mica daurada o de reflexos met\u00e0l\u00b7lics \u00e9s un tipus de decoraci\u00f3 esmaltada amb efectes tornassolats produ\u00efts pels \u00f2xids met\u00e0l\u00b7lics aplicats sobre un esmalt ja cuit. Aquesta t\u00e8cnica t\u00e9 el seu origen dins el m\u00f3n isl\u00e0mic cap al segle IX a l\u2019actual Iraq, i es va estendre per la Pen\u00ednsula Ib\u00e8rica per Al-\u00c0ndalus, al segle XI, fins a Val\u00e8ncia, Catalunya i Arag\u00f3.\" \/>\n<meta property=\"og:url\" content=\"https:\/\/www.fundaciomascort.com\/es\/actividades\/exposicio-externa-la-ceramica-daurada-13-08-20-1930\/\" \/>\n<meta property=\"og:site_name\" content=\"Fundaci\u00f3 Mascort\" \/>\n<meta property=\"article:publisher\" content=\"https:\/\/www.facebook.com\/fundaciomascort\" \/>\n<meta property=\"article:modified_time\" content=\"2020-09-29T15:10:14+00:00\" \/>\n<meta name=\"twitter:card\" content=\"summary_large_image\" \/>\n<meta name=\"twitter:site\" content=\"@fundaciomascort\" \/>\n<script type=\"application\/ld+json\" class=\"yoast-schema-graph\">{\"@context\":\"https:\/\/schema.org\",\"@graph\":[{\"@type\":\"WebPage\",\"@id\":\"https:\/\/www.fundaciomascort.com\/es\/actividades\/exposicio-externa-la-ceramica-daurada-13-08-20-1930\/\",\"url\":\"https:\/\/www.fundaciomascort.com\/es\/actividades\/exposicio-externa-la-ceramica-daurada-13-08-20-1930\/\",\"name\":\"Exposici\u00f3 externa \\\"La cer\u00e0mica daurada\\\", 13\/08\/20 - 19:30 - Fundaci\u00f3 Mascort\",\"isPartOf\":{\"@id\":\"https:\/\/www.fundaciomascort.com\/es\/#website\"},\"datePublished\":\"2020-08-11T14:01:46+00:00\",\"dateModified\":\"2020-09-29T15:10:14+00:00\",\"description\":\"La cer\u00e0mica daurada o de reflexos met\u00e0l\u00b7lics \u00e9s un tipus de decoraci\u00f3 esmaltada amb efectes tornassolats produ\u00efts pels \u00f2xids met\u00e0l\u00b7lics aplicats sobre un esmalt ja cuit. Aquesta t\u00e8cnica t\u00e9 el seu origen dins el m\u00f3n isl\u00e0mic cap al segle IX a l\u2019actual Iraq, i es va estendre per la Pen\u00ednsula Ib\u00e8rica per Al-\u00c0ndalus, al segle XI, fins a Val\u00e8ncia, Catalunya i Arag\u00f3.\",\"breadcrumb\":{\"@id\":\"https:\/\/www.fundaciomascort.com\/es\/actividades\/exposicio-externa-la-ceramica-daurada-13-08-20-1930\/#breadcrumb\"},\"inLanguage\":\"es\",\"potentialAction\":[{\"@type\":\"ReadAction\",\"target\":[\"https:\/\/www.fundaciomascort.com\/es\/actividades\/exposicio-externa-la-ceramica-daurada-13-08-20-1930\/\"]}]},{\"@type\":\"BreadcrumbList\",\"@id\":\"https:\/\/www.fundaciomascort.com\/es\/actividades\/exposicio-externa-la-ceramica-daurada-13-08-20-1930\/#breadcrumb\",\"itemListElement\":[{\"@type\":\"ListItem\",\"position\":1,\"name\":\"Home\",\"item\":\"https:\/\/www.fundaciomascort.com\/es\/\"},{\"@type\":\"ListItem\",\"position\":2,\"name\":\"Actividades\",\"item\":\"https:\/\/www.fundaciomascort.com\/es\/actividades\/\"},{\"@type\":\"ListItem\",\"position\":3,\"name\":\"Exposici\u00f3 externa \u00abLa cer\u00e0mica daurada\u00bb, 13\/08\/20 &#8211; 19:30\"}]},{\"@type\":\"WebSite\",\"@id\":\"https:\/\/www.fundaciomascort.com\/es\/#website\",\"url\":\"https:\/\/www.fundaciomascort.com\/es\/\",\"name\":\"Fundaci\u00f3 Mascort\",\"description\":\"Esperem que compartiu amb nosaltres les exposicions de la Casa Galibern i les nostres publicacions.\",\"potentialAction\":[{\"@type\":\"SearchAction\",\"target\":{\"@type\":\"EntryPoint\",\"urlTemplate\":\"https:\/\/www.fundaciomascort.com\/es\/?s={search_term_string}\"},\"query-input\":{\"@type\":\"PropertyValueSpecification\",\"valueRequired\":true,\"valueName\":\"search_term_string\"}}],\"inLanguage\":\"es\"}]}<\/script>\n<!-- \/ Yoast SEO plugin. -->","yoast_head_json":{"title":"Exposici\u00f3 externa \"La cer\u00e0mica daurada\", 13\/08\/20 - 19:30 - Fundaci\u00f3 Mascort","description":"La cer\u00e0mica daurada o de reflexos met\u00e0l\u00b7lics \u00e9s un tipus de decoraci\u00f3 esmaltada amb efectes tornassolats produ\u00efts pels \u00f2xids met\u00e0l\u00b7lics aplicats sobre un esmalt ja cuit. Aquesta t\u00e8cnica t\u00e9 el seu origen dins el m\u00f3n isl\u00e0mic cap al segle IX a l\u2019actual Iraq, i es va estendre per la Pen\u00ednsula Ib\u00e8rica per Al-\u00c0ndalus, al segle XI, fins a Val\u00e8ncia, Catalunya i Arag\u00f3.","robots":{"index":"index","follow":"follow","max-snippet":"max-snippet:-1","max-image-preview":"max-image-preview:large","max-video-preview":"max-video-preview:-1"},"canonical":"https:\/\/www.fundaciomascort.com\/es\/actividades\/exposicio-externa-la-ceramica-daurada-13-08-20-1930\/","og_locale":"es_ES","og_type":"article","og_title":"Exposici\u00f3 externa \"La cer\u00e0mica daurada\", 13\/08\/20 - 19:30 - Fundaci\u00f3 Mascort","og_description":"La cer\u00e0mica daurada o de reflexos met\u00e0l\u00b7lics \u00e9s un tipus de decoraci\u00f3 esmaltada amb efectes tornassolats produ\u00efts pels \u00f2xids met\u00e0l\u00b7lics aplicats sobre un esmalt ja cuit. Aquesta t\u00e8cnica t\u00e9 el seu origen dins el m\u00f3n isl\u00e0mic cap al segle IX a l\u2019actual Iraq, i es va estendre per la Pen\u00ednsula Ib\u00e8rica per Al-\u00c0ndalus, al segle XI, fins a Val\u00e8ncia, Catalunya i Arag\u00f3.","og_url":"https:\/\/www.fundaciomascort.com\/es\/actividades\/exposicio-externa-la-ceramica-daurada-13-08-20-1930\/","og_site_name":"Fundaci\u00f3 Mascort","article_publisher":"https:\/\/www.facebook.com\/fundaciomascort","article_modified_time":"2020-09-29T15:10:14+00:00","twitter_card":"summary_large_image","twitter_site":"@fundaciomascort","schema":{"@context":"https:\/\/schema.org","@graph":[{"@type":"WebPage","@id":"https:\/\/www.fundaciomascort.com\/es\/actividades\/exposicio-externa-la-ceramica-daurada-13-08-20-1930\/","url":"https:\/\/www.fundaciomascort.com\/es\/actividades\/exposicio-externa-la-ceramica-daurada-13-08-20-1930\/","name":"Exposici\u00f3 externa \"La cer\u00e0mica daurada\", 13\/08\/20 - 19:30 - Fundaci\u00f3 Mascort","isPartOf":{"@id":"https:\/\/www.fundaciomascort.com\/es\/#website"},"datePublished":"2020-08-11T14:01:46+00:00","dateModified":"2020-09-29T15:10:14+00:00","description":"La cer\u00e0mica daurada o de reflexos met\u00e0l\u00b7lics \u00e9s un tipus de decoraci\u00f3 esmaltada amb efectes tornassolats produ\u00efts pels \u00f2xids met\u00e0l\u00b7lics aplicats sobre un esmalt ja cuit. Aquesta t\u00e8cnica t\u00e9 el seu origen dins el m\u00f3n isl\u00e0mic cap al segle IX a l\u2019actual Iraq, i es va estendre per la Pen\u00ednsula Ib\u00e8rica per Al-\u00c0ndalus, al segle XI, fins a Val\u00e8ncia, Catalunya i Arag\u00f3.","breadcrumb":{"@id":"https:\/\/www.fundaciomascort.com\/es\/actividades\/exposicio-externa-la-ceramica-daurada-13-08-20-1930\/#breadcrumb"},"inLanguage":"es","potentialAction":[{"@type":"ReadAction","target":["https:\/\/www.fundaciomascort.com\/es\/actividades\/exposicio-externa-la-ceramica-daurada-13-08-20-1930\/"]}]},{"@type":"BreadcrumbList","@id":"https:\/\/www.fundaciomascort.com\/es\/actividades\/exposicio-externa-la-ceramica-daurada-13-08-20-1930\/#breadcrumb","itemListElement":[{"@type":"ListItem","position":1,"name":"Home","item":"https:\/\/www.fundaciomascort.com\/es\/"},{"@type":"ListItem","position":2,"name":"Actividades","item":"https:\/\/www.fundaciomascort.com\/es\/actividades\/"},{"@type":"ListItem","position":3,"name":"Exposici\u00f3 externa \u00abLa cer\u00e0mica daurada\u00bb, 13\/08\/20 &#8211; 19:30"}]},{"@type":"WebSite","@id":"https:\/\/www.fundaciomascort.com\/es\/#website","url":"https:\/\/www.fundaciomascort.com\/es\/","name":"Fundaci\u00f3 Mascort","description":"Esperem que compartiu amb nosaltres les exposicions de la Casa Galibern i les nostres publicacions.","potentialAction":[{"@type":"SearchAction","target":{"@type":"EntryPoint","urlTemplate":"https:\/\/www.fundaciomascort.com\/es\/?s={search_term_string}"},"query-input":{"@type":"PropertyValueSpecification","valueRequired":true,"valueName":"search_term_string"}}],"inLanguage":"es"}]}},"_links":{"self":[{"href":"https:\/\/www.fundaciomascort.com\/es\/wp-json\/wp\/v2\/events\/12014"}],"collection":[{"href":"https:\/\/www.fundaciomascort.com\/es\/wp-json\/wp\/v2\/events"}],"about":[{"href":"https:\/\/www.fundaciomascort.com\/es\/wp-json\/wp\/v2\/types\/events"}],"wp:attachment":[{"href":"https:\/\/www.fundaciomascort.com\/es\/wp-json\/wp\/v2\/media?parent=12014"}],"curies":[{"name":"wp","href":"https:\/\/api.w.org\/{rel}","templated":true}]}}