{"id":14899,"date":"2023-07-28T14:29:52","date_gmt":"2023-07-28T14:29:52","guid":{"rendered":"https:\/\/www.fundaciomascort.com\/?post_type=events&#038;p=14899"},"modified":"2023-07-28T14:51:56","modified_gmt":"2023-07-28T14:51:56","slug":"visita-guiada-a-la-recerca-de-la-bellesa-29-07-23-1900","status":"publish","type":"events","link":"https:\/\/www.fundaciomascort.com\/en\/activities\/visita-guiada-a-la-recerca-de-la-bellesa-29-07-23-1900\/","title":{"rendered":"Visita guiada &#8220;A la recerca de la bellesa&#8221;, 29\/07\/23 &#8211; 19:00"},"template":"","class_list":["post-14899","events","type-events","status-publish","hentry"],"acf":[],"yoast_head":"<!-- This site is optimized with the Yoast SEO plugin v25.6 - https:\/\/yoast.com\/wordpress\/plugins\/seo\/ -->\n<title>Visita guiada &quot;A la recerca de la bellesa&quot;, 29\/07\/23 - 19:00 - Fundaci\u00f3 Mascort<\/title>\n<meta name=\"description\" content=\"Aquest mes iniciem les visites guiades a l&#039;exposici\u00f3 A la recerca de la bellesa. La col\u00b7lecci\u00f3 de cer\u00e0mica d&#039;Ignacio Brugarolas. La primera tindr\u00e0 lloc el proper DISSABTE 15 de juliol, a les 19:00 h, i anir\u00e0 a\u00a0 c\u00e0rrec de Josep A. Cerd\u00e0, comissari de la mostra i autor del cat\u00e0leg.Ens agradar\u00e0 molt comptar amb la vostra pres\u00e8ncia.Activitat gratu\u00efta amb aforament limitat.Imprescindible reserva pr\u00e8via.\" \/>\n<meta name=\"robots\" content=\"index, follow, max-snippet:-1, max-image-preview:large, max-video-preview:-1\" \/>\n<link rel=\"canonical\" href=\"https:\/\/www.fundaciomascort.com\/en\/activities\/visita-guiada-a-la-recerca-de-la-bellesa-29-07-23-1900\/\" \/>\n<meta property=\"og:locale\" content=\"en_US\" \/>\n<meta property=\"og:type\" content=\"article\" \/>\n<meta property=\"og:title\" content=\"Visita guiada &quot;A la recerca de la bellesa&quot;, 29\/07\/23 - 19:00 - Fundaci\u00f3 Mascort\" \/>\n<meta property=\"og:description\" content=\"Aquest mes iniciem les visites guiades a l&#039;exposici\u00f3 A la recerca de la bellesa. La col\u00b7lecci\u00f3 de cer\u00e0mica d&#039;Ignacio Brugarolas. La primera tindr\u00e0 lloc el proper DISSABTE 15 de juliol, a les 19:00 h, i anir\u00e0 a\u00a0 c\u00e0rrec de Josep A. Cerd\u00e0, comissari de la mostra i autor del cat\u00e0leg.Ens agradar\u00e0 molt comptar amb la vostra pres\u00e8ncia.Activitat gratu\u00efta amb aforament limitat.Imprescindible reserva pr\u00e8via.\" \/>\n<meta property=\"og:url\" content=\"https:\/\/www.fundaciomascort.com\/en\/activities\/visita-guiada-a-la-recerca-de-la-bellesa-29-07-23-1900\/\" \/>\n<meta property=\"og:site_name\" content=\"Fundaci\u00f3 Mascort\" \/>\n<meta property=\"article:publisher\" content=\"https:\/\/www.facebook.com\/fundaciomascort\" \/>\n<meta property=\"article:modified_time\" content=\"2023-07-28T14:51:56+00:00\" \/>\n<meta name=\"twitter:card\" content=\"summary_large_image\" \/>\n<meta name=\"twitter:site\" content=\"@fundaciomascort\" \/>\n<script type=\"application\/ld+json\" class=\"yoast-schema-graph\">{\"@context\":\"https:\/\/schema.org\",\"@graph\":[{\"@type\":\"WebPage\",\"@id\":\"https:\/\/www.fundaciomascort.com\/en\/activities\/visita-guiada-a-la-recerca-de-la-bellesa-29-07-23-1900\/\",\"url\":\"https:\/\/www.fundaciomascort.com\/en\/activities\/visita-guiada-a-la-recerca-de-la-bellesa-29-07-23-1900\/\",\"name\":\"Visita guiada \\\"A la recerca de la bellesa\\\", 29\/07\/23 - 19:00 - Fundaci\u00f3 Mascort\",\"isPartOf\":{\"@id\":\"https:\/\/www.fundaciomascort.com\/en\/#website\"},\"datePublished\":\"2023-07-28T14:29:52+00:00\",\"dateModified\":\"2023-07-28T14:51:56+00:00\",\"description\":\"Aquest mes iniciem les visites guiades a l'exposici\u00f3 A la recerca de la bellesa. La col\u00b7lecci\u00f3 de cer\u00e0mica d'Ignacio Brugarolas. La primera tindr\u00e0 lloc el proper DISSABTE 15 de juliol, a les 19:00 h, i anir\u00e0 a\u00a0 c\u00e0rrec de Josep A. Cerd\u00e0, comissari de la mostra i autor del cat\u00e0leg.Ens agradar\u00e0 molt comptar amb la vostra pres\u00e8ncia.Activitat gratu\u00efta amb aforament limitat.Imprescindible reserva pr\u00e8via.\",\"breadcrumb\":{\"@id\":\"https:\/\/www.fundaciomascort.com\/en\/activities\/visita-guiada-a-la-recerca-de-la-bellesa-29-07-23-1900\/#breadcrumb\"},\"inLanguage\":\"en-US\",\"potentialAction\":[{\"@type\":\"ReadAction\",\"target\":[\"https:\/\/www.fundaciomascort.com\/en\/activities\/visita-guiada-a-la-recerca-de-la-bellesa-29-07-23-1900\/\"]}]},{\"@type\":\"BreadcrumbList\",\"@id\":\"https:\/\/www.fundaciomascort.com\/en\/activities\/visita-guiada-a-la-recerca-de-la-bellesa-29-07-23-1900\/#breadcrumb\",\"itemListElement\":[{\"@type\":\"ListItem\",\"position\":1,\"name\":\"Home\",\"item\":\"https:\/\/www.fundaciomascort.com\/en\/\"},{\"@type\":\"ListItem\",\"position\":2,\"name\":\"Activities\",\"item\":\"https:\/\/www.fundaciomascort.com\/en\/activities\/\"},{\"@type\":\"ListItem\",\"position\":3,\"name\":\"Visita guiada &#8220;A la recerca de la bellesa&#8221;, 29\/07\/23 &#8211; 19:00\"}]},{\"@type\":\"WebSite\",\"@id\":\"https:\/\/www.fundaciomascort.com\/en\/#website\",\"url\":\"https:\/\/www.fundaciomascort.com\/en\/\",\"name\":\"Fundaci\u00f3 Mascort\",\"description\":\"Esperem que compartiu amb nosaltres les exposicions de la Casa Galibern i les nostres publicacions.\",\"potentialAction\":[{\"@type\":\"SearchAction\",\"target\":{\"@type\":\"EntryPoint\",\"urlTemplate\":\"https:\/\/www.fundaciomascort.com\/en\/?s={search_term_string}\"},\"query-input\":{\"@type\":\"PropertyValueSpecification\",\"valueRequired\":true,\"valueName\":\"search_term_string\"}}],\"inLanguage\":\"en-US\"}]}<\/script>\n<!-- \/ Yoast SEO plugin. -->","yoast_head_json":{"title":"Visita guiada \"A la recerca de la bellesa\", 29\/07\/23 - 19:00 - Fundaci\u00f3 Mascort","description":"Aquest mes iniciem les visites guiades a l'exposici\u00f3 A la recerca de la bellesa. La col\u00b7lecci\u00f3 de cer\u00e0mica d'Ignacio Brugarolas. La primera tindr\u00e0 lloc el proper DISSABTE 15 de juliol, a les 19:00 h, i anir\u00e0 a\u00a0 c\u00e0rrec de Josep A. Cerd\u00e0, comissari de la mostra i autor del cat\u00e0leg.Ens agradar\u00e0 molt comptar amb la vostra pres\u00e8ncia.Activitat gratu\u00efta amb aforament limitat.Imprescindible reserva pr\u00e8via.","robots":{"index":"index","follow":"follow","max-snippet":"max-snippet:-1","max-image-preview":"max-image-preview:large","max-video-preview":"max-video-preview:-1"},"canonical":"https:\/\/www.fundaciomascort.com\/en\/activities\/visita-guiada-a-la-recerca-de-la-bellesa-29-07-23-1900\/","og_locale":"en_US","og_type":"article","og_title":"Visita guiada \"A la recerca de la bellesa\", 29\/07\/23 - 19:00 - Fundaci\u00f3 Mascort","og_description":"Aquest mes iniciem les visites guiades a l'exposici\u00f3 A la recerca de la bellesa. La col\u00b7lecci\u00f3 de cer\u00e0mica d'Ignacio Brugarolas. La primera tindr\u00e0 lloc el proper DISSABTE 15 de juliol, a les 19:00 h, i anir\u00e0 a\u00a0 c\u00e0rrec de Josep A. Cerd\u00e0, comissari de la mostra i autor del cat\u00e0leg.Ens agradar\u00e0 molt comptar amb la vostra pres\u00e8ncia.Activitat gratu\u00efta amb aforament limitat.Imprescindible reserva pr\u00e8via.","og_url":"https:\/\/www.fundaciomascort.com\/en\/activities\/visita-guiada-a-la-recerca-de-la-bellesa-29-07-23-1900\/","og_site_name":"Fundaci\u00f3 Mascort","article_publisher":"https:\/\/www.facebook.com\/fundaciomascort","article_modified_time":"2023-07-28T14:51:56+00:00","twitter_card":"summary_large_image","twitter_site":"@fundaciomascort","schema":{"@context":"https:\/\/schema.org","@graph":[{"@type":"WebPage","@id":"https:\/\/www.fundaciomascort.com\/en\/activities\/visita-guiada-a-la-recerca-de-la-bellesa-29-07-23-1900\/","url":"https:\/\/www.fundaciomascort.com\/en\/activities\/visita-guiada-a-la-recerca-de-la-bellesa-29-07-23-1900\/","name":"Visita guiada \"A la recerca de la bellesa\", 29\/07\/23 - 19:00 - Fundaci\u00f3 Mascort","isPartOf":{"@id":"https:\/\/www.fundaciomascort.com\/en\/#website"},"datePublished":"2023-07-28T14:29:52+00:00","dateModified":"2023-07-28T14:51:56+00:00","description":"Aquest mes iniciem les visites guiades a l'exposici\u00f3 A la recerca de la bellesa. La col\u00b7lecci\u00f3 de cer\u00e0mica d'Ignacio Brugarolas. La primera tindr\u00e0 lloc el proper DISSABTE 15 de juliol, a les 19:00 h, i anir\u00e0 a\u00a0 c\u00e0rrec de Josep A. Cerd\u00e0, comissari de la mostra i autor del cat\u00e0leg.Ens agradar\u00e0 molt comptar amb la vostra pres\u00e8ncia.Activitat gratu\u00efta amb aforament limitat.Imprescindible reserva pr\u00e8via.","breadcrumb":{"@id":"https:\/\/www.fundaciomascort.com\/en\/activities\/visita-guiada-a-la-recerca-de-la-bellesa-29-07-23-1900\/#breadcrumb"},"inLanguage":"en-US","potentialAction":[{"@type":"ReadAction","target":["https:\/\/www.fundaciomascort.com\/en\/activities\/visita-guiada-a-la-recerca-de-la-bellesa-29-07-23-1900\/"]}]},{"@type":"BreadcrumbList","@id":"https:\/\/www.fundaciomascort.com\/en\/activities\/visita-guiada-a-la-recerca-de-la-bellesa-29-07-23-1900\/#breadcrumb","itemListElement":[{"@type":"ListItem","position":1,"name":"Home","item":"https:\/\/www.fundaciomascort.com\/en\/"},{"@type":"ListItem","position":2,"name":"Activities","item":"https:\/\/www.fundaciomascort.com\/en\/activities\/"},{"@type":"ListItem","position":3,"name":"Visita guiada &#8220;A la recerca de la bellesa&#8221;, 29\/07\/23 &#8211; 19:00"}]},{"@type":"WebSite","@id":"https:\/\/www.fundaciomascort.com\/en\/#website","url":"https:\/\/www.fundaciomascort.com\/en\/","name":"Fundaci\u00f3 Mascort","description":"Esperem que compartiu amb nosaltres les exposicions de la Casa Galibern i les nostres publicacions.","potentialAction":[{"@type":"SearchAction","target":{"@type":"EntryPoint","urlTemplate":"https:\/\/www.fundaciomascort.com\/en\/?s={search_term_string}"},"query-input":{"@type":"PropertyValueSpecification","valueRequired":true,"valueName":"search_term_string"}}],"inLanguage":"en-US"}]}},"_links":{"self":[{"href":"https:\/\/www.fundaciomascort.com\/en\/wp-json\/wp\/v2\/events\/14899"}],"collection":[{"href":"https:\/\/www.fundaciomascort.com\/en\/wp-json\/wp\/v2\/events"}],"about":[{"href":"https:\/\/www.fundaciomascort.com\/en\/wp-json\/wp\/v2\/types\/events"}],"wp:attachment":[{"href":"https:\/\/www.fundaciomascort.com\/en\/wp-json\/wp\/v2\/media?parent=14899"}],"curies":[{"name":"wp","href":"https:\/\/api.w.org\/{rel}","templated":true}]}}